{"version":"1.0","provider_name":"The Chapter of Medical Engineering","provider_url":"http:\/\/www.mitsektionen.se\/en","author_name":"Kommunikationsansvarig","author_url":"http:\/\/www.mitsektionen.se\/en\/author\/info-mitsth-kth-se\/","title":"J\u00e4mst\u00e4lldhetsveckan 2019 \/ Equality Week 2019 - Sektionen f\u00f6r Medicinsk Teknik","type":"rich","width":600,"height":338,"html":"<blockquote class=\"wp-embedded-content\" data-secret=\"bU0THpuKRZ\"><a href=\"http:\/\/www.mitsektionen.se\/en\/jamstalldhetsveckan-2019-equality-week-2019\/\">J\u00e4mst\u00e4lldhetsveckan 2019 \/ Equality Week 2019<\/a><\/blockquote><iframe sandbox=\"allow-scripts\" security=\"restricted\" src=\"http:\/\/www.mitsektionen.se\/en\/jamstalldhetsveckan-2019-equality-week-2019\/embed\/#?secret=bU0THpuKRZ\" width=\"600\" height=\"338\" title=\"&#8220;J\u00e4mst\u00e4lldhetsveckan 2019 \/ Equality Week 2019&#8221; &#8212; Sektionen f\u00f6r Medicinsk Teknik\" data-secret=\"bU0THpuKRZ\" frameborder=\"0\" marginwidth=\"0\" marginheight=\"0\" scrolling=\"no\" class=\"wp-embedded-content\"><\/iframe><script type=\"text\/javascript\">\n\/* <![CDATA[ *\/\n\/*! This file is auto-generated *\/\n!function(d,l){\"use strict\";l.querySelector&&d.addEventListener&&\"undefined\"!=typeof URL&&(d.wp=d.wp||{},d.wp.receiveEmbedMessage||(d.wp.receiveEmbedMessage=function(e){var t=e.data;if((t||t.secret||t.message||t.value)&&!\/[^a-zA-Z0-9]\/.test(t.secret)){for(var s,r,n,a=l.querySelectorAll('iframe[data-secret=\"'+t.secret+'\"]'),o=l.querySelectorAll('blockquote[data-secret=\"'+t.secret+'\"]'),c=new RegExp(\"^https?:$\",\"i\"),i=0;i<o.length;i++)o[i].style.display=\"none\";for(i=0;i<a.length;i++)s=a[i],e.source===s.contentWindow&&(s.removeAttribute(\"style\"),\"height\"===t.message?(1e3<(r=parseInt(t.value,10))?r=1e3:~~r<200&&(r=200),s.height=r):\"link\"===t.message&&(r=new URL(s.getAttribute(\"src\")),n=new URL(t.value),c.test(n.protocol))&&n.host===r.host&&l.activeElement===s&&(d.top.location.href=t.value))}},d.addEventListener(\"message\",d.wp.receiveEmbedMessage,!1),l.addEventListener(\"DOMContentLoaded\",function(){for(var e,t,s=l.querySelectorAll(\"iframe.wp-embedded-content\"),r=0;r<s.length;r++)(t=(e=s[r]).getAttribute(\"data-secret\"))||(t=Math.random().toString(36).substring(2,12),e.src+=\"#?secret=\"+t,e.setAttribute(\"data-secret\",t)),e.contentWindow.postMessage({message:\"ready\",secret:t},\"*\")},!1)))}(window,document);\n\/\/# sourceURL=http:\/\/www.mitsektionen.se\/wp-includes\/js\/wp-embed.min.js\n\/* ]]> *\/\n<\/script>","description":"English below. J\u00e4mst\u00e4lldhetsveckan rekryterar nu en ny projektgrupp! J\u00e4mst\u00e4lldhetsveckan \u00e4r ett \u00e5rligt \u00e5terkommande projekt som \u00e5r 2019 kommer \u00e4ga rum 25-28 mars. Under veckan kommer flera olika event h\u00e5llas, s\u00e5som f\u00f6rel\u00e4sningar, workshops och debatter, som kommer handla om j\u00e4mst\u00e4lldhet. F\u00f6retag, organisationer, representanter fr\u00e5n KTH and inspirationstalare kommer ber\u00e4tta om hur de arbetar f\u00f6r att uppn\u00e5&nbsp;&hellip;","thumbnail_url":"https:\/\/www.mitsektionen.se\/wp-content\/uploads\/2018\/09\/applyJV-724x1024.jpg"}