{"version":"1.0","provider_name":"The Chapter of Medical Engineering","provider_url":"https:\/\/www.mitsektionen.se\/en","author_name":"Kommunikationsansvarig","author_url":"https:\/\/www.mitsektionen.se\/en\/author\/info-mitsth-kth-se\/","title":"Arrang\u00f6rer till SIYSS-Stockholm International Youth Science Seminar - Sektionen f\u00f6r Medicinsk Teknik","type":"rich","width":600,"height":338,"html":"<blockquote class=\"wp-embedded-content\" data-secret=\"PVV5vNzeLv\"><a href=\"https:\/\/www.mitsektionen.se\/en\/arrangorer-till-siyss-stockholm-international-youth-science-seminar\/\">Arrang\u00f6rer till SIYSS-Stockholm International Youth Science Seminar<\/a><\/blockquote><iframe sandbox=\"allow-scripts\" security=\"restricted\" src=\"https:\/\/www.mitsektionen.se\/en\/arrangorer-till-siyss-stockholm-international-youth-science-seminar\/embed\/#?secret=PVV5vNzeLv\" width=\"600\" height=\"338\" title=\"&#8220;Arrang\u00f6rer till SIYSS-Stockholm International Youth Science Seminar&#8221; &#8212; Sektionen f\u00f6r Medicinsk Teknik\" data-secret=\"PVV5vNzeLv\" frameborder=\"0\" marginwidth=\"0\" marginheight=\"0\" scrolling=\"no\" class=\"wp-embedded-content\"><\/iframe><script type=\"text\/javascript\">\n\/* <![CDATA[ *\/\n\/*! This file is auto-generated *\/\n!function(d,l){\"use strict\";l.querySelector&&d.addEventListener&&\"undefined\"!=typeof URL&&(d.wp=d.wp||{},d.wp.receiveEmbedMessage||(d.wp.receiveEmbedMessage=function(e){var t=e.data;if((t||t.secret||t.message||t.value)&&!\/[^a-zA-Z0-9]\/.test(t.secret)){for(var s,r,n,a=l.querySelectorAll('iframe[data-secret=\"'+t.secret+'\"]'),o=l.querySelectorAll('blockquote[data-secret=\"'+t.secret+'\"]'),c=new RegExp(\"^https?:$\",\"i\"),i=0;i<o.length;i++)o[i].style.display=\"none\";for(i=0;i<a.length;i++)s=a[i],e.source===s.contentWindow&&(s.removeAttribute(\"style\"),\"height\"===t.message?(1e3<(r=parseInt(t.value,10))?r=1e3:~~r<200&&(r=200),s.height=r):\"link\"===t.message&&(r=new URL(s.getAttribute(\"src\")),n=new URL(t.value),c.test(n.protocol))&&n.host===r.host&&l.activeElement===s&&(d.top.location.href=t.value))}},d.addEventListener(\"message\",d.wp.receiveEmbedMessage,!1),l.addEventListener(\"DOMContentLoaded\",function(){for(var e,t,s=l.querySelectorAll(\"iframe.wp-embedded-content\"),r=0;r<s.length;r++)(t=(e=s[r]).getAttribute(\"data-secret\"))||(t=Math.random().toString(36).substring(2,12),e.src+=\"#?secret=\"+t,e.setAttribute(\"data-secret\",t)),e.contentWindow.postMessage({message:\"ready\",secret:t},\"*\")},!1)))}(window,document);\n\/\/# sourceURL=https:\/\/www.mitsektionen.se\/wp-includes\/js\/wp-embed.min.js\n\/* ]]> *\/\n<\/script>","thumbnail_url":"https:\/\/www.mitsektionen.se\/wp-content\/uploads\/2013\/01\/SIYSS-logo-st\u00e5ende2.jpg","thumbnail_width":"1003","thumbnail_height":"1013","description":"Nu s\u00f6ker SIYSS personer som \u00e4r intresserade av att vara med i arrang\u00f6rsgruppen f\u00f6r SIYSS. Detta \u00e4r ett event som arrangeras av F\u00f6rbundet Unga Forskare \u00a0samband med Nobelveckan. Till detta event kommer det 25 framst\u00e5ende unga forskare fr\u00e5n hela v\u00e4rlden och presenterar sina forskningsprojekt f\u00f6r svenska ungdomar. H\u00e4r kan ni l\u00e4sa mer om uppdraget och&nbsp;&hellip;"}