{"version":"1.0","provider_name":"The Chapter of Medical Engineering","provider_url":"https:\/\/www.mitsektionen.se\/en","author_name":"Kommunikationsansvarig","author_url":"https:\/\/www.mitsektionen.se\/en\/author\/info-mitsth-kth-se\/","title":"Medica Expo 2013 Hela v\u00e5rdens m\u00e4ssa - Sektionen f\u00f6r Medicinsk Teknik","type":"rich","width":600,"height":338,"html":"<blockquote class=\"wp-embedded-content\" data-secret=\"mbr5ce5bcZ\"><a href=\"https:\/\/www.mitsektionen.se\/en\/medica-expo-2013-hela-vardens-massa\/\">Medica Expo 2013 Hela v\u00e5rdens m\u00e4ssa<\/a><\/blockquote><iframe sandbox=\"allow-scripts\" security=\"restricted\" src=\"https:\/\/www.mitsektionen.se\/en\/medica-expo-2013-hela-vardens-massa\/embed\/#?secret=mbr5ce5bcZ\" width=\"600\" height=\"338\" title=\"&#8220;Medica Expo 2013 Hela v\u00e5rdens m\u00e4ssa&#8221; &#8212; Sektionen f\u00f6r Medicinsk Teknik\" data-secret=\"mbr5ce5bcZ\" frameborder=\"0\" marginwidth=\"0\" marginheight=\"0\" scrolling=\"no\" class=\"wp-embedded-content\"><\/iframe><script type=\"text\/javascript\">\n\/* <![CDATA[ *\/\n\/*! This file is auto-generated *\/\n!function(d,l){\"use strict\";l.querySelector&&d.addEventListener&&\"undefined\"!=typeof URL&&(d.wp=d.wp||{},d.wp.receiveEmbedMessage||(d.wp.receiveEmbedMessage=function(e){var t=e.data;if((t||t.secret||t.message||t.value)&&!\/[^a-zA-Z0-9]\/.test(t.secret)){for(var s,r,n,a=l.querySelectorAll('iframe[data-secret=\"'+t.secret+'\"]'),o=l.querySelectorAll('blockquote[data-secret=\"'+t.secret+'\"]'),c=new RegExp(\"^https?:$\",\"i\"),i=0;i<o.length;i++)o[i].style.display=\"none\";for(i=0;i<a.length;i++)s=a[i],e.source===s.contentWindow&&(s.removeAttribute(\"style\"),\"height\"===t.message?(1e3<(r=parseInt(t.value,10))?r=1e3:~~r<200&&(r=200),s.height=r):\"link\"===t.message&&(r=new URL(s.getAttribute(\"src\")),n=new URL(t.value),c.test(n.protocol))&&n.host===r.host&&l.activeElement===s&&(d.top.location.href=t.value))}},d.addEventListener(\"message\",d.wp.receiveEmbedMessage,!1),l.addEventListener(\"DOMContentLoaded\",function(){for(var e,t,s=l.querySelectorAll(\"iframe.wp-embedded-content\"),r=0;r<s.length;r++)(t=(e=s[r]).getAttribute(\"data-secret\"))||(t=Math.random().toString(36).substring(2,12),e.src+=\"#?secret=\"+t,e.setAttribute(\"data-secret\",t)),e.contentWindow.postMessage({message:\"ready\",secret:t},\"*\")},!1)))}(window,document);\n\/\/# sourceURL=https:\/\/www.mitsektionen.se\/wp-includes\/js\/wp-embed.min.js\n\/* ]]> *\/\n<\/script>","thumbnail_url":"https:\/\/www.mitsektionen.se\/wp-content\/uploads\/2012\/12\/f62173ce90.jpg2098258254.jpeg","thumbnail_width":"400","thumbnail_height":"375","description":"Den 14-15 maj kommer det att vara en medicinm\u00e4ssa i kistam\u00e4ssan. D\u00e4r kan du titta och k\u00e4nna p\u00e5 den allra senaste medicinska utrustningen, g\u00e5 p\u00e5 f\u00f6rel\u00e4sningar och tr\u00e4ffa m\u00e4nniskor inom v\u00e5rden. Redan nu kan du g\u00e5 in och l\u00e4sa p\u00e5 l\u00e4nken nedan vilka f\u00f6rel\u00e4sare som \u00e4r bokade och vad som finns att g\u00f6ra p\u00e5 m\u00e4ssan.&nbsp;&hellip;"}