{"version":"1.0","provider_name":"The Chapter of Medical Engineering","provider_url":"https:\/\/www.mitsektionen.se\/en","author_name":"Ordf\u00f6rande","author_url":"https:\/\/www.mitsektionen.se\/en\/author\/ordf-mitsth-kth-se\/","title":"Nominera till Rektors J\u00e4mst\u00e4lldhets- och m\u00e5ngfaldspris - Sektionen f\u00f6r Medicinsk Teknik","type":"rich","width":600,"height":338,"html":"<blockquote class=\"wp-embedded-content\" data-secret=\"JC4irRWzjx\"><a href=\"https:\/\/www.mitsektionen.se\/en\/nominera-till-rektors-jamstalldhets-och-mangfaldspris\/\">Nominera till Rektors J\u00e4mst\u00e4lldhets- och m\u00e5ngfaldspris<\/a><\/blockquote><iframe sandbox=\"allow-scripts\" security=\"restricted\" src=\"https:\/\/www.mitsektionen.se\/en\/nominera-till-rektors-jamstalldhets-och-mangfaldspris\/embed\/#?secret=JC4irRWzjx\" width=\"600\" height=\"338\" title=\"&#8220;Nominera till Rektors J\u00e4mst\u00e4lldhets- och m\u00e5ngfaldspris&#8221; &#8212; Sektionen f\u00f6r Medicinsk Teknik\" data-secret=\"JC4irRWzjx\" frameborder=\"0\" marginwidth=\"0\" marginheight=\"0\" scrolling=\"no\" class=\"wp-embedded-content\"><\/iframe><script type=\"text\/javascript\">\n\/* <![CDATA[ *\/\n\/*! This file is auto-generated *\/\n!function(d,l){\"use strict\";l.querySelector&&d.addEventListener&&\"undefined\"!=typeof URL&&(d.wp=d.wp||{},d.wp.receiveEmbedMessage||(d.wp.receiveEmbedMessage=function(e){var t=e.data;if((t||t.secret||t.message||t.value)&&!\/[^a-zA-Z0-9]\/.test(t.secret)){for(var s,r,n,a=l.querySelectorAll('iframe[data-secret=\"'+t.secret+'\"]'),o=l.querySelectorAll('blockquote[data-secret=\"'+t.secret+'\"]'),c=new RegExp(\"^https?:$\",\"i\"),i=0;i<o.length;i++)o[i].style.display=\"none\";for(i=0;i<a.length;i++)s=a[i],e.source===s.contentWindow&&(s.removeAttribute(\"style\"),\"height\"===t.message?(1e3<(r=parseInt(t.value,10))?r=1e3:~~r<200&&(r=200),s.height=r):\"link\"===t.message&&(r=new URL(s.getAttribute(\"src\")),n=new URL(t.value),c.test(n.protocol))&&n.host===r.host&&l.activeElement===s&&(d.top.location.href=t.value))}},d.addEventListener(\"message\",d.wp.receiveEmbedMessage,!1),l.addEventListener(\"DOMContentLoaded\",function(){for(var e,t,s=l.querySelectorAll(\"iframe.wp-embedded-content\"),r=0;r<s.length;r++)(t=(e=s[r]).getAttribute(\"data-secret\"))||(t=Math.random().toString(36).substring(2,12),e.src+=\"#?secret=\"+t,e.setAttribute(\"data-secret\",t)),e.contentWindow.postMessage({message:\"ready\",secret:t},\"*\")},!1)))}(window,document);\n\/\/# sourceURL=https:\/\/www.mitsektionen.se\/wp-includes\/js\/wp-embed.min.js\n\/* ]]> *\/\n<\/script>","thumbnail_url":"https:\/\/www.mitsektionen.se\/wp-content\/uploads\/2012\/10\/kth.jpg","thumbnail_width":"593","thumbnail_height":"593","description":"Vet du en student, eller kanske en sektion eller f\u00f6rening, som jobbat f\u00f6r j\u00e4mst\u00e4lldhet och m\u00e5ngfald vid KTH? Rektor delar \u00e5rligen ut ett pris p\u00e5 10 000 kr till en student vid KTH som fr\u00e4mjat j\u00e4mst\u00e4lldhet och m\u00e5ngfald vid l\u00e4ros\u00e4tet och nu \u00e4r det dags att skicka in nomineringar. F\u00f6rra \u00e5ret gick priset till David&nbsp;&hellip;"}