{"version":"1.0","provider_name":"The Chapter of Medical Engineering","provider_url":"https:\/\/www.mitsektionen.se\/en","author_name":"Ordf\u00f6rande","author_url":"https:\/\/www.mitsektionen.se\/en\/author\/ordf-mitsth-kth-se\/","title":"Rekryteringen av V\u00e4rdar till \u00e5rets Armada har startat! - Sektionen f\u00f6r Medicinsk Teknik","type":"rich","width":600,"height":338,"html":"<blockquote class=\"wp-embedded-content\" data-secret=\"t7Di43dhba\"><a href=\"https:\/\/www.mitsektionen.se\/en\/rekryteringen-av-vardar-till-arets-armada-har-startat\/\">Rekryteringen av V\u00e4rdar till \u00e5rets Armada har startat!<\/a><\/blockquote><iframe sandbox=\"allow-scripts\" security=\"restricted\" src=\"https:\/\/www.mitsektionen.se\/en\/rekryteringen-av-vardar-till-arets-armada-har-startat\/embed\/#?secret=t7Di43dhba\" width=\"600\" height=\"338\" title=\"&#8220;Rekryteringen av V\u00e4rdar till \u00e5rets Armada har startat!&#8221; &#8212; Sektionen f\u00f6r Medicinsk Teknik\" data-secret=\"t7Di43dhba\" frameborder=\"0\" marginwidth=\"0\" marginheight=\"0\" scrolling=\"no\" class=\"wp-embedded-content\"><\/iframe><script type=\"text\/javascript\">\n\/* <![CDATA[ *\/\n\/*! This file is auto-generated *\/\n!function(d,l){\"use strict\";l.querySelector&&d.addEventListener&&\"undefined\"!=typeof URL&&(d.wp=d.wp||{},d.wp.receiveEmbedMessage||(d.wp.receiveEmbedMessage=function(e){var t=e.data;if((t||t.secret||t.message||t.value)&&!\/[^a-zA-Z0-9]\/.test(t.secret)){for(var s,r,n,a=l.querySelectorAll('iframe[data-secret=\"'+t.secret+'\"]'),o=l.querySelectorAll('blockquote[data-secret=\"'+t.secret+'\"]'),c=new RegExp(\"^https?:$\",\"i\"),i=0;i<o.length;i++)o[i].style.display=\"none\";for(i=0;i<a.length;i++)s=a[i],e.source===s.contentWindow&&(s.removeAttribute(\"style\"),\"height\"===t.message?(1e3<(r=parseInt(t.value,10))?r=1e3:~~r<200&&(r=200),s.height=r):\"link\"===t.message&&(r=new URL(s.getAttribute(\"src\")),n=new URL(t.value),c.test(n.protocol))&&n.host===r.host&&l.activeElement===s&&(d.top.location.href=t.value))}},d.addEventListener(\"message\",d.wp.receiveEmbedMessage,!1),l.addEventListener(\"DOMContentLoaded\",function(){for(var e,t,s=l.querySelectorAll(\"iframe.wp-embedded-content\"),r=0;r<s.length;r++)(t=(e=s[r]).getAttribute(\"data-secret\"))||(t=Math.random().toString(36).substring(2,12),e.src+=\"#?secret=\"+t,e.setAttribute(\"data-secret\",t)),e.contentWindow.postMessage({message:\"ready\",secret:t},\"*\")},!1)))}(window,document);\n\/\/# sourceURL=https:\/\/www.mitsektionen.se\/wp-includes\/js\/wp-embed.min.js\n\/* ]]> *\/\n<\/script>","description":"V\u00e4rdarna har en viktig roll vid genomf\u00f6randet av Armadas m\u00e4ssa, events och bankett. Som V\u00e4rd kan du v\u00e4lja mellan en rad olika arbetsuppgifter beroende p\u00e5 intresse och vad du vill f\u00e5 ut av ditt deltagande i Armada. Exempelvis kan du ansvara f\u00f6r ett enskilt f\u00f6retag under m\u00e4ssan, mingla med f\u00f6retagsrepresentanter under events, vara med och&nbsp;&hellip;"}