{"version":"1.0","provider_name":"The Chapter of Medical Engineering","provider_url":"https:\/\/www.mitsektionen.se\/en","author_name":"Kommunikationsansvarig","author_url":"https:\/\/www.mitsektionen.se\/en\/author\/info-mitsth-kth-se\/","title":"V\u00e4rderingsdagen p\u00e5 KTH 22 september - Sektionen f\u00f6r Medicinsk Teknik","type":"rich","width":600,"height":338,"html":"<blockquote class=\"wp-embedded-content\" data-secret=\"KXP8QxgRUp\"><a href=\"https:\/\/www.mitsektionen.se\/en\/varderingsdagen-pa-kth-22-september\/\">V\u00e4rderingsdagen p\u00e5 KTH 22 september<\/a><\/blockquote><iframe sandbox=\"allow-scripts\" security=\"restricted\" src=\"https:\/\/www.mitsektionen.se\/en\/varderingsdagen-pa-kth-22-september\/embed\/#?secret=KXP8QxgRUp\" width=\"600\" height=\"338\" title=\"&#8220;V\u00e4rderingsdagen p\u00e5 KTH 22 september&#8221; &#8212; Sektionen f\u00f6r Medicinsk Teknik\" data-secret=\"KXP8QxgRUp\" frameborder=\"0\" marginwidth=\"0\" marginheight=\"0\" scrolling=\"no\" class=\"wp-embedded-content\"><\/iframe><script type=\"text\/javascript\">\n\/* <![CDATA[ *\/\n\/*! This file is auto-generated *\/\n!function(d,l){\"use strict\";l.querySelector&&d.addEventListener&&\"undefined\"!=typeof URL&&(d.wp=d.wp||{},d.wp.receiveEmbedMessage||(d.wp.receiveEmbedMessage=function(e){var t=e.data;if((t||t.secret||t.message||t.value)&&!\/[^a-zA-Z0-9]\/.test(t.secret)){for(var s,r,n,a=l.querySelectorAll('iframe[data-secret=\"'+t.secret+'\"]'),o=l.querySelectorAll('blockquote[data-secret=\"'+t.secret+'\"]'),c=new RegExp(\"^https?:$\",\"i\"),i=0;i<o.length;i++)o[i].style.display=\"none\";for(i=0;i<a.length;i++)s=a[i],e.source===s.contentWindow&&(s.removeAttribute(\"style\"),\"height\"===t.message?(1e3<(r=parseInt(t.value,10))?r=1e3:~~r<200&&(r=200),s.height=r):\"link\"===t.message&&(r=new URL(s.getAttribute(\"src\")),n=new URL(t.value),c.test(n.protocol))&&n.host===r.host&&l.activeElement===s&&(d.top.location.href=t.value))}},d.addEventListener(\"message\",d.wp.receiveEmbedMessage,!1),l.addEventListener(\"DOMContentLoaded\",function(){for(var e,t,s=l.querySelectorAll(\"iframe.wp-embedded-content\"),r=0;r<s.length;r++)(t=(e=s[r]).getAttribute(\"data-secret\"))||(t=Math.random().toString(36).substring(2,12),e.src+=\"#?secret=\"+t,e.setAttribute(\"data-secret\",t)),e.contentWindow.postMessage({message:\"ready\",secret:t},\"*\")},!1)))}(window,document);\n\/\/# sourceURL=https:\/\/www.mitsektionen.se\/wp-includes\/js\/wp-embed.min.js\n\/* ]]> *\/\n<\/script>","thumbnail_url":"https:\/\/www.mitsektionen.se\/wp-content\/uploads\/2012\/09\/Fallgropar-v\u00e4rdering1.gif","thumbnail_width":"470","thumbnail_height":"325","description":"V\u00e4rderingsdagen\u00a0KTH \u00e4r ett projekt som syftar p\u00e5\u00a0att \u00f6ka medvetenheten av personliga v\u00e4rderingar och h\u00e5llbart ledarskap hos studenter och alumni.\u00a0 Det kommer bli en heldag med workshops och seminarier\u00a0 kring v\u00e4rderingsbaserat ledarskap den 22e september. Deltagare kommer vara professorer fr\u00e5n KTH och Handelsh\u00f6gskolan, yrkesverksamma fr\u00e5n n\u00e4ringslivet samt studenter. L\u00e4s g\u00e4rna det bifogade programbladet d\u00e4r det finns&nbsp;&hellip;"}