{"id":189,"date":"2011-08-12T18:12:19","date_gmt":"2011-08-12T16:12:19","guid":{"rendered":"https:\/\/www.mitsektionen.se\/?page_id=189"},"modified":"2026-04-22T13:53:35","modified_gmt":"2026-04-22T11:53:35","slug":"sektionsmoten","status":"publish","type":"page","link":"https:\/\/www.mitsektionen.se\/en\/dokument\/sektionsmoten\/","title":{"rendered":"Chapter Meetings"},"content":{"rendered":"<p><em>Here you can find documents concerning the chapter meetings (in swedish):<\/em><\/p>\n\n\n\n<h4 class=\"wp-block-heading\">2026\/2027<\/h4>\n\n\n<p><strong>SM#1 (Budget-SM)<\/strong><\/p>\n<p><a href=\"https:\/\/www.mitsektionen.se\/wp-content\/uploads\/2026\/04\/kallelse_sm-1.pdf\">Kallelse<\/a><br \/>\n\n\n<h4 class=\"wp-block-heading\">2025\/2026<\/h4>\n\n\n<p><strong>Val-SM (SM#4)<\/strong><\/p>\n<p><a href=\"https:\/\/www.mitsektionen.se\/wp-content\/uploads\/2026\/02\/Mars_kallelse.pdf\">Kallelse<\/a><br \/>\n<a href=\"https:\/\/www.mitsektionen.se\/wp-content\/uploads\/2026\/03\/Dagordning-SM4.pdf\">Dagordning<\/a><\/p>\n\n<p><a href=\"https:\/\/www.mitsektionen.se\/wp-content\/uploads\/2026\/03\/Motioner_och_propositioner-1.pdf\">Proposition ang\u00e5ende Inf\u00f6randet av Per Capsulam-beslut<\/a><br \/>\n\n<p><a href=\"https:\/\/www.mitsektionen.se\/wp-content\/uploads\/2026\/03\/Motion-2.pdf\">Motion ang\u00e5ende inf\u00f6rande av PM f\u00f6r J\u00e4mlikhet, m\u00e5ngfald och lika villkor<\/a><br \/>\n<a href=\"https:\/\/www.mitsektionen.se\/wp-content\/uploads\/2026\/03\/PM_for_JML.pdf\"> PM f\u00f6r J\u00e4mlikhet, m\u00e5ngfald och lika villkor<\/a><br \/>\n<a href=\"https:\/\/www.mitsektionen.se\/wp-content\/uploads\/2026\/03\/Motionsvar_JML-1.pdf\">Motionssvar ang\u00e5ende inf\u00f6rande av PM f\u00f6r J\u00e4mlikhet, m\u00e5ngfald och lika villkor<\/a><\/p>\n\n<p><a href=\"https:\/\/www.mitsektionen.se\/wp-content\/uploads\/2026\/03\/Kamratstipendiet_2025.pdf\">\u00c5rets Kamrat<\/a><br \/>\n\n<p><a href=\"https:\/\/www.mitsektionen.se\/wp-content\/uploads\/2026\/03\/Kandidatlista-SM-4.pdf\">Kandidatlista<\/a><\/p>\n\n<p><a href=\"https:\/\/www.mitsektionen.se\/wp-content\/uploads\/2026\/04\/SM_4___protokoll.pdf\">Protokoll<\/a><\/p>\n\n<p><strong>SM#3<\/strong><\/p>\n<p><a href=\"https:\/\/www.mitsektionen.se\/wp-content\/uploads\/2025\/10\/November_SM_kallelse.pdf\">Kallelse<\/a><br \/>\n<a href=\"https:\/\/www.mitsektionen.se\/wp-content\/uploads\/2025\/11\/Dagordning-SM3.pdf\">Dagordning<\/a><\/p>\n\n<p><a href=\"https:\/\/www.mitsektionen.se\/wp-content\/uploads\/2025\/11\/Proposition-Postoverlamning.pdf\">Proposition ang\u00e5ende PM f\u00f6r Post\u00f6verl\u00e4mning<\/a><br \/>\n<a href=\"https:\/\/www.mitsektionen.se\/wp-content\/uploads\/2025\/11\/Proposition-beslut.pdf\">Proposition ang\u00e5ende Inf\u00f6randet av Per Capsulam-beslut<\/a><br \/>\n\n<p><a href=\"https:\/\/www.mitsektionen.se\/wp-content\/uploads\/2025\/11\/Motion_Hedersmedelmskap.pdf\">Motion ang\u00e5ende Tilldelning av Hedersmedlemskap<\/a><br \/>\n<a href=\"https:\/\/www.mitsektionen.se\/wp-content\/uploads\/2025\/11\/Motion_svar_Hedersmedlemskap.pdf\">Motionssvar ang\u00e5ende Tilldelning av Hedermedlemskap<\/a><\/p>\n\n<p><a href=\"https:\/\/www.mitsektionen.se\/wp-content\/uploads\/2025\/11\/Kandidatlista-SM-3-1.pdf\">Kandidatlista<\/a><\/p>\n<a href=\"https:\/\/www.mitsektionen.se\/wp-content\/uploads\/2025\/12\/Budget-25_26-ver-2.pdf\">Reviderad Budget<\/a><\/p>\n\n<p><a href=\"https:\/\/www.mitsektionen.se\/wp-content\/uploads\/2025\/12\/SM_3___protokoll-1.pdf\">Protokoll<\/a><\/p>\n\n<p><strong>SM#2<\/strong><\/p>\n<p><a href=\"\/en\/<p><a href=\/\"https:>Kallelse<\/a><br \/>\n<a href=\"https:\/\/www.mitsektionen.se\/wp-content\/uploads\/2025\/09\/Dagordning-sm2.pdf\">Dagordning<\/a><\/p>\n<p><a href=\"https:\/\/www.mitsektionen.se\/wp-content\/uploads\/2025\/09\/Slutgiltig_Motion_PM_for_Sektionsbilen_kommenterad.pdf\">Motion ang\u00e5ende PM f\u00f6r Sektionsbilen<\/a><br \/>\n<a href=\"https:\/\/www.mitsektionen.se\/wp-content\/uploads\/2025\/09\/Motionssvar-PM-sektionsbil.pdf\">Motionssvar ang\u00e5ende PM f\u00f6r Sektionsbilen<\/a><\/p>\n\n<p><a href=\"https:\/\/www.mitsektionen.se\/wp-content\/uploads\/2025\/09\/Revisionsberattelse_24_25.pdf\">Revisionsber\u00e4ttelse 24\/25<\/a><br>\n<a href=\"https:\/\/www.mitsektionen.se\/wp-content\/uploads\/2025\/09\/Verksamhetsberattelse24_25-1.pdf\">Verksamhetsber\u00e4ttelse 24\/25<\/a><br>\n<a href=\"https:\/\/www.mitsektionen.se\/wp-content\/uploads\/2025\/09\/BR24_25.pdf\">Balansrapport 24\/25<\/a><br>\n<a href=\"https:\/\/www.mitsektionen.se\/wp-content\/uploads\/2025\/09\/RR24_25.pdf\">Resultatrapport 24\/25<\/a><\/p>\n\n<p><a href=\"https:\/\/www.mitsektionen.se\/wp-content\/uploads\/2025\/09\/Kandidatlista-SM-2.pdf\">Kandidatlista<\/a><\/p>\n\n<p><a href=\"https:\/\/www.mitsektionen.se\/wp-content\/uploads\/2025\/09\/Styrelsens_guide_till_sektionsmote-2.pdf\">Styrelsens guide till sektionsm\u00f6te<\/a><\/p>\n<p><a href=\"https:\/\/www.mitsektionen.se\/wp-content\/uploads\/2025\/11\/SM_2___protokoll.pdf\">Protokoll<\/a><\/p>\n\n<p><strong>SM#1 (Budget-SM)<\/strong><\/p>\n<p><a href=\"https:\/\/www.mitsektionen.se\/wp-content\/uploads\/2025\/04\/Kallelse_Maj25.pdf\">Kallelse<\/a><br \/>\n<a href=\"https:\/\/www.mitsektionen.se\/wp-content\/uploads\/2025\/05\/Dagordning-Maj-SM.pdf\">Dagordning<\/a><br \/>\n\n<p><a href=\"https:\/\/www.mitsektionen.se\/wp-content\/uploads\/2025\/05\/motion.pm_.for_.sparande.pdf\">Motion ang\u00e5ende PM f\u00f6r sparande<\/a><br \/>\n<a href=\"https:\/\/www.mitsektionen.se\/wp-content\/uploads\/2025\/05\/Motionssvar-PM-for-sparande.pdf\">Motionssvar ang\u00e5ende PM f\u00f6r sparande<\/a><br \/>\n\n<p><a href=\"https:\/\/www.mitsektionen.se\/wp-content\/uploads\/2025\/05\/Motion_med_PM_Subventioner.pdf\">Motion ang\u00e5ende PM f\u00f6r subventioner<\/a><br \/>\n<a href=\"https:\/\/www.mitsektionen.se\/wp-content\/uploads\/2025\/05\/Motionssvar-PM-for-Subventioner.pdf\">Motionssvar ang\u00e5ende PM f\u00f6r subventioner<\/a><br \/>\n\n<p><a href=\"https:\/\/www.mitsektionen.se\/wp-content\/uploads\/2025\/05\/Motion_med_reglemente_250514.pdf\">Motion ang\u00e5ende Uppdatering av Sektionens reglemente samt SRK:s upph\u00f6rande<\/a><br \/>\n<a href=\"https:\/\/www.mitsektionen.se\/wp-content\/uploads\/2025\/05\/Motionssvar-Reglemente.pdf\">Motionssvar ang\u00e5ende Uppdatering av Sektionens reglemente samt SRK:s upph\u00f6rande<\/a><br \/>\n<a href=\"https:\/\/www.mitsektionen.se\/wp-content\/uploads\/2025\/05\/Sammanfattning_och_jamforelse_reglementesforslag-1.pdf\">Sammanfattning av Reglementesf\u00f6rslag<\/a><br \/>\n\n<p><a href=\"https:\/\/www.mitsektionen.se\/wp-content\/uploads\/2025\/05\/Verksamhetsplan_25_26.pdf\">Verksamhetsplan 25\/26<\/a><br \/>\n\n<a href=\"https:\/\/www.mitsektionen.se\/wp-content\/uploads\/2025\/05\/Budget-25_26-SM.pdf\">Budget 25\/26<\/a><br \/>\n\n<p><a href=\"https:\/\/www.mitsektionen.se\/wp-content\/uploads\/2025\/05\/Kandidatlista-SM-1-2025-2.pdf\">Kandidatlista<\/a><\/p>\n<p><a href=\"https:\/\/www.mitsektionen.se\/wp-content\/uploads\/2025\/06\/SM_1___Protokoll.pdf\">Protokoll<\/a><\/p>\n\n\n\n<h4 class=\"wp-block-heading\">2024\/2025<\/h4>\n\n\n<p><strong>Val-SM (SM#4)<\/strong><\/p>\n<p><a href=\"https:\/\/www.mitsektionen.se\/wp-content\/uploads\/2025\/02\/Kallelse_ValSM.pdf\">Kallelse<\/a><br \/>\n<a href=\"https:\/\/www.mitsektionen.se\/wp-content\/uploads\/2025\/03\/Dagordning-SM4.pdf\">Dagordning<\/a><br \/>\n\n<p><a href=\"https:\/\/www.mitsektionen.se\/wp-content\/uploads\/2025\/03\/Uppdatering_av_PM_for_Tolvan.pdf\">Motion ang\u00e5ende \u00c4ndringar i styrdokument<\/a><br \/>\n<a href=\"https:\/\/www.mitsektionen.se\/wp-content\/uploads\/2025\/03\/Motionssvar-Andringar-i-styrdokument.pdf\">Motionssvar ang\u00e5ende \u00c4ndringar i styrdokument<\/a><br \/>\n\n<p><a href=\"https:\/\/www.mitsektionen.se\/wp-content\/uploads\/2025\/03\/Motion_Bil_MiT.pdf\">Motion ang\u00e5ende Ink\u00f6p av ny Sektionsbil<\/a><br \/>\n<a href=\"https:\/\/www.mitsektionen.se\/wp-content\/uploads\/2025\/03\/Motionssvar_bil.pdf\">Motionssvar ang\u00e5ende Ink\u00f6p av ny Sektionsbil<\/a><br \/>\n\n<p><a href=\"https:\/\/www.mitsektionen.se\/wp-content\/uploads\/2025\/03\/Kamratstipendiet_2024.pdf\">\u00c5rets Kamrat<\/a><br \/>\n<a href=\"https:\/\/www.mitsektionen.se\/wp-content\/uploads\/2025\/03\/Sektionsmaskot.pdf\">Underlag f\u00f6r Sektionsmaskot<\/a><br \/>\n\n<p><a href=\"https:\/\/www.mitsektionen.se\/wp-content\/uploads\/2025\/03\/Kandidatlista-Val-SM-2025.pdf\">Kandidatlista<\/a><\/p>\n<p><a href=\"https:\/\/www.mitsektionen.se\/wp-content\/uploads\/2025\/04\/Protokoll_SM_4.pdf\">Protokoll<\/a><\/p>\n\n\n<p><strong>Extra SM#1<\/strong><\/p>\n<p><a href=\"https:\/\/www.mitsektionen.se\/wp-content\/uploads\/2024\/12\/Kallelse_extraSM.pdf\">Kallelse<\/a><br \/>\n<a href=\"https:\/\/www.mitsektionen.se\/wp-content\/uploads\/2025\/01\/Dagordning-Extrainsatt-SM1.pdf\">Dagordning<\/a><br \/>\n\n<p><a href=\"https:\/\/www.mitsektionen.se\/wp-content\/uploads\/2024\/11\/Motion_med_bilaga_MiT_Stadgar.pdf\">Motion ang\u00e5ende Uppdatering av Sektionens stadgar<\/a><br \/>\n<a href=\"https:\/\/www.mitsektionen.se\/wp-content\/uploads\/2024\/11\/Motionsvar_UppdateringAvStadgan.pdf\">Motionssvar ang\u00e5ende Uppdatering av Sektionens stadgar<\/a><br \/>\n\n<p><a href=\"https:\/\/www.mitsektionen.se\/wp-content\/uploads\/2025\/01\/Motion_med_PM_Valberedningsarbete.pdf\">Motion ang\u00e5ende PM f\u00f6r Valberedningsarbete<\/a><br \/>\n<a href=\"https:\/\/www.mitsektionen.se\/wp-content\/uploads\/2025\/01\/Motionsvar-Valberedningsarbete.pdf\">Motionssvar ang\u00e5ende PM f\u00f6r Valberedningsarbete<\/a><br \/>\n\n<p><a href=\"https:\/\/www.mitsektionen.se\/wp-content\/uploads\/2025\/01\/Motion_Upprattande_Gemensamma_PM.pdf\">Motion ang\u00e5ende Officiellt uppr\u00e4ttande av existerande PM<\/a><br \/>\n<a href=\"https:\/\/www.mitsektionen.se\/wp-content\/uploads\/2025\/01\/Motionssvar_gemensamma_PM.pdf\">Motionssvar ang\u00e5ende Officiellt uppr\u00e4ttande av existerande PM<\/a><br \/>\n\n<p><a href=\"https:\/\/www.mitsektionen.se\/wp-content\/uploads\/2025\/01\/Kandidatlista-Extra-SM.pdf\">Kandidatlista<\/a><\/p>\n<p><a href=\"https:\/\/www.mitsektionen.se\/wp-content\/uploads\/2025\/02\/Protokoll_ExtraSM_1.pdf\">Protokoll<\/a><\/p>\n\n<p><strong>SM#3<\/strong><\/p>\n<p><a href=\"https:\/\/www.mitsektionen.se\/wp-content\/uploads\/2024\/11\/Kallelse_SM_3.pdf\">Kallelse<\/a><br \/>\n<a href=\"https:\/\/www.mitsektionen.se\/wp-content\/uploads\/2024\/11\/Dagordning-SM3.pdf\">Dagordning<\/a><br \/>\n\n<p><a href=\"https:\/\/www.mitsektionen.se\/wp-content\/uploads\/2024\/11\/Proposition-MTE.pdf\">Proposition ang\u00e5ende MedTech Evening-ansvariga<\/a><br \/>\n\n<p><a href=\"https:\/\/www.mitsektionen.se\/wp-content\/uploads\/2024\/11\/Motion_med_bilaga_MiT_Stadgar.pdf\">Motion ang\u00e5ende Uppdatering av Sektionens stadgar<\/a><br \/>\n<a href=\"https:\/\/www.mitsektionen.se\/wp-content\/uploads\/2024\/11\/Motionsvar_UppdateringAvStadgan.pdf\">Motionssvar ang\u00e5ende Uppdatering av Sektionens stadgar<\/a><br \/>\n<a href=\"https:\/\/www.mitsektionen.se\/wp-content\/uploads\/2024\/11\/MiT_Stadgar_Jamforelse.pdf\">J\u00e4mf\u00f6relse mellan nuvarande stadga och motionens stadgef\u00f6rslag<\/a><br \/>\n\n<p><a href=\"https:\/\/www.mitsektionen.se\/wp-content\/uploads\/2024\/11\/Motion_Masquot_-2.pdf\">Motion ang\u00e5ende Finna en maskot (aka Masqout)<\/a><br \/>\n<a href=\"https:\/\/www.mitsektionen.se\/wp-content\/uploads\/2024\/11\/Motionssvar_maskot.pdf\">Motionssvar ang\u00e5ende Finna en maskot (aka Masqout)<\/a><br \/>\n\n<p><a href=\"https:\/\/www.mitsektionen.se\/wp-content\/uploads\/2024\/11\/Revisionsberattelse-2324.pdf\">Revisionsber\u00e4ttelse 23\/24<\/a><br>\n<a href=\"https:\/\/www.mitsektionen.se\/wp-content\/uploads\/2024\/11\/Verksamhetsberattelse_2023_2024.pdf\">Verksamhetsber\u00e4ttelse 23\/24<\/a><br>\n<a href=\"https:\/\/www.mitsektionen.se\/wp-content\/uploads\/2024\/11\/Balansrapport_2324.pdf\">Balansrapport 23\/24<\/a><br>\n<a href=\"https:\/\/www.mitsektionen.se\/wp-content\/uploads\/2024\/11\/Resultatrapport_2324.pdf\">Resultatrapport 23\/24<\/a><\/p>\n\n<p><a href=\"https:\/\/www.mitsektionen.se\/wp-content\/uploads\/2024\/11\/Kandidatlista-SM-3.pdf\">Kandidatlista<\/a><\/p>\n<p><a href=\"https:\/\/www.mitsektionen.se\/wp-content\/uploads\/2024\/12\/Protokoll_SM_3.pdf\">Protokoll<\/a><\/p>\n\n<p><strong>SM#2<\/strong><\/p>\n<p><a href=\"https:\/\/www.mitsektionen.se\/wp-content\/uploads\/2024\/09\/Kallelse_SM_2.pdf\">Kallelse<\/a><br \/>\n<a href=\"https:\/\/www.mitsektionen.se\/wp-content\/uploads\/2024\/09\/Dagordning-SM2.pdf\">Dagordning<\/a><\/p>\n<p><a href=\"https:\/\/www.mitsektionen.se\/wp-content\/uploads\/2024\/09\/Motion_med_PM_Dokumentation.pdf\">Motion ang\u00e5ende PM f\u00f6r Dokumentation<\/a><br \/>\n<a href=\"https:\/\/www.mitsektionen.se\/wp-content\/uploads\/2024\/09\/Motionsvar-PM-for-Dokumentation.pdf\">Motionssvar ang\u00e5ende PM f\u00f6r Dokumentation<\/a><\/p>\n<p><a href=\"https:\/\/www.mitsektionen.se\/wp-content\/uploads\/2024\/09\/Motion_med_PM_Avtalshantering.pdf\">Motion ang\u00e5ende PM f\u00f6r Avtalshantering<\/a><br \/>\n<a href=\"https:\/\/www.mitsektionen.se\/wp-content\/uploads\/2024\/09\/Motionsvar-PM-for-Avtalshantering.pdf\">Motionssvar ang\u00e5ende PM f\u00f6r Avtalshantering<\/a><\/p>\n<p><a href=\"https:\/\/www.mitsektionen.se\/wp-content\/uploads\/2024\/09\/Kandidatlista-SM2.pdf\">Kandidatlista<\/a><\/p>\n<p><a href=\"https:\/\/www.mitsektionen.se\/wp-content\/uploads\/2024\/09\/Styrelsens_guide_till_sektionsmote.pdf\">Styrelsens guide till sektionsm\u00f6te<\/a><\/p>\n<p><a href=\"https:\/\/www.mitsektionen.se\/wp-content\/uploads\/2024\/10\/Protokoll_SM_2.pdf\">Protokoll<\/a><\/p>\n\n<p><strong>SM#1 (Budget-SM)<\/strong><\/p>\n<p><a href=\"https:\/\/www.mitsektionen.se\/wp-content\/uploads\/2024\/04\/kallelse_maj-sm.pdf\">Kallelse<\/a><br \/>\n<a href=\"https:\/\/www.mitsektionen.se\/wp-content\/uploads\/2024\/05\/SM1-Dagordning-1.pdf\">Dagordning<\/a><\/p>\n<p><a href=\"https:\/\/www.mitsektionen.se\/wp-content\/uploads\/2024\/05\/Verksamhetsplan-24-25.pdf\">Verksamhetsplan<\/a><br \/>\n<a href=\"https:\/\/www.mitsektionen.se\/wp-content\/uploads\/2024\/05\/Budgeten-24_25-Sammanfattning.pdf\">Budget Sammanfattning<\/a><br \/><a href=\"https:\/\/www.mitsektionen.se\/wp-content\/uploads\/2024\/05\/Budgeten-24_25-Detaljplanering.pdf\">Budget Detaljplanering<\/a><\/p>\n<p><a href=\"https:\/\/www.mitsektionen.se\/wp-content\/uploads\/2024\/05\/Motion_Arbetsgrupp_For_Stadgeandringar.pdf\">Motion ang\u00e5ende tills\u00e4ttning av arbetsgrupp f\u00f6r styrdokument<\/a><br \/>\n<a href=\"https:\/\/www.mitsektionen.se\/wp-content\/uploads\/2024\/05\/Motionssvar_arbetsgrupp.pdf\">Motionssvar ang\u00e5ende tills\u00e4ttning av arbetsgrupp f\u00f6r styrdokument<\/a><\/p>\n<p><a href=\"https:\/\/www.mitsektionen.se\/wp-content\/uploads\/2024\/05\/Kandidatlista-SM-1.pdf\">Kandidatlista<\/a><\/p>\n<p><a href=\"https:\/\/www.mitsektionen.se\/wp-content\/uploads\/2024\/05\/Protokoll-SM-1.pdf\">Protokoll<\/a><\/p>\n\n\n\n<h4 class=\"wp-block-heading\">2023\/2024<\/h4>\n\n\n<p><strong>Val-SM (SM#4)<\/strong><\/p>\n<p><a href=\"https:\/\/www.mitsektionen.se\/wp-content\/uploads\/2024\/02\/Kallelse_Val-SM.pdf\">Kallelse<\/a><br>\n<a href =\"https:\/\/www.mitsektionen.se\/wp-content\/uploads\/2024\/03\/Dagordning_SM4.pdf\">Dagordning<\/a><\/p>\n<p><a href=\"https:\/\/www.mitsektionen.se\/wp-content\/uploads\/2024\/03\/Proposition_Alumniverksamhet_Korrigerad.pdf\">Proposition ang\u00e5ende Alumniverksamhet<\/a><br>\n<a href =\"https:\/\/www.mitsektionen.se\/wp-content\/uploads\/2024\/02\/Proposition_Aterupptagning_Motion_Budgetandringar.pdf\">Proposition ang\u00e5ende \u00c5terupptagning av Motion ang\u00e5ende \u00c4ndringar i stadgan g\u00e4llande budget\u00e4ndringar<\/a><br>\n<a href=\"https:\/\/www.mitsektionen.se\/wp-content\/uploads\/2024\/03\/Proposition_och_PM_For_Alumnimedlemskap.pdf\">Proposition ang\u00e5ende Promemoria f\u00f6r alumnimedlemskap<\/a><br><br>\n<a href=\"https:\/\/www.mitsektionen.se\/wp-content\/uploads\/2024\/03\/Kamratstipendiet_2023.pdf\">\u00c5rets Kamrat<\/a><\/p>\n<p><a href=\"https:\/\/www.mitsektionen.se\/wp-content\/uploads\/2024\/03\/Kandidatlista-Val-SM.pdf\">Kandidatlista<\/a><\/p>\n<p><a href=\"https:\/\/www.mitsektionen.se\/wp-content\/uploads\/2024\/04\/SM4_renskrivet.pdf\">Protokoll<\/a><\/p>\n\n<p><strong>Extra SM#1<\/strong><\/p>\n<p><a href=\"https:\/\/www.mitsektionen.se\/wp-content\/uploads\/2024\/01\/ExtraSM_Kallelse.pdf\">Kallelse<\/a><br>\n<a href=\"https:\/\/www.mitsektionen.se\/wp-content\/uploads\/2024\/02\/Dagordning_ExtraSM_1.pdf\">Dagordning<\/a><\/p>\n<p><a href=\"https:\/\/www.mitsektionen.se\/wp-content\/uploads\/2024\/02\/Proposition_Alumniverksamhet.pdf\">Proposition ang\u00e5ende Alumniverksamhet<\/a><br>\n<a href=\"https:\/\/www.mitsektionen.se\/wp-content\/uploads\/2024\/02\/Proposition_Stadgeandringar_med_bilaga.pdf\">Proposition ang\u00e5ende Stadge\u00e4ndringar<\/a><br>\n<a href=\"https:\/\/www.mitsektionen.se\/wp-content\/uploads\/2024\/02\/Proposition_Reglementesandringar_styrelsen-1.pdf\">Proposition ang\u00e5ende Reglementes\u00e4ndringar av styrelsens sammans\u00e4ttning<\/a><br>\n<a href=\"https:\/\/www.mitsektionen.se\/wp-content\/uploads\/2024\/02\/Proposition_Aterupptagning_Motion_Budgetandringar.pdf\">Proposition ang\u00e5ende \u00c5terupptagning av Motion ang\u00e5ende \u00c4ndringar i stadgan g\u00e4llande budget\u00e4ndringar<\/a><\/p>\n<p><a href=\"https:\/\/www.mitsektionen.se\/wp-content\/uploads\/2024\/02\/Revisionsberattelse_2223.pdf\">Revisionsber\u00e4ttelse 22\/23<\/a><br>\n<a href=\"https:\/\/www.mitsektionen.se\/wp-content\/uploads\/2024\/02\/Verksamhetsberattelse-2022_2023.pdf\">Verksamhetsber\u00e4ttelse 22\/23<\/a><br>\n<a href=\"https:\/\/www.mitsektionen.se\/wp-content\/uploads\/2024\/02\/Sektionen_for_Medicinsk_Teknik_Balansrapport-Bokslut-202304.pdf\">Balansrapport 22\/23<\/a><br>\n<a href=\"https:\/\/www.mitsektionen.se\/wp-content\/uploads\/2024\/02\/Sektionen_for_Medicinsk_Teknik_Resultatrapport-Bokslut-202304.pdf\">Resultatrapport 22\/23<\/a><\/p>\n<p><a href=\"https:\/\/www.mitsektionen.se\/wp-content\/uploads\/2024\/02\/Balansutrakning-Balansutrakning.pdf\">Budget Balansutr\u00e4kning<\/a><br>\n<a href=\"https:\/\/www.mitsektionen.se\/wp-content\/uploads\/2024\/02\/Balansutrakning-Reviderad-Budget.pdf\">Reviderad Budget<\/a><\/p>\n<p><a href=\"https:\/\/www.mitsektionen.se\/wp-content\/uploads\/2024\/03\/Extra_SM_justerat.pdf\">Protokoll<\/a><\/p>\n\n<p><strong>SM#3<\/strong><\/p>\n<p><a href=\"https:\/\/www.mitsektionen.se\/wp-content\/uploads\/2023\/10\/NovemberSM_kallelse-1.pdf\">Kallelse<\/a><br \/>\n<a href=\"https:\/\/www.mitsektionen.se\/wp-content\/uploads\/2023\/11\/Dagordning_SM3-1.pdf\">Dagordning<\/a>\n<\/p>\n<p><a href=\"https:\/\/www.mitsektionen.se\/wp-content\/uploads\/2023\/11\/Proposition_Alumniverksamhet.pdf\">Proposition ang\u00e5ende Alumniverksamhet<\/a><br \/>\n<a href=\"https:\/\/www.mitsektionen.se\/wp-content\/uploads\/2023\/11\/Proposition_Stadgeandringar_med_bilaga.pdf\">Proposition ang\u00e5ende Stadge\u00e4ndringar<\/a><\/p>\n<p><a href=\"https:\/\/www.mitsektionen.se\/wp-content\/uploads\/2023\/11\/Kandidatlista-SM-3-1.pdf\"\">Kandidatlista<\/a><\/p>\n<p><a href=\"https:\/\/www.mitsektionen.se\/wp-content\/uploads\/2023\/12\/SM3_renskrivet.pdf\">Protokoll<\/a><\/p>\n<p><strong>SM#2<\/strong><\/p>\n<p><a href=\"https:\/\/www.mitsektionen.se\/wp-content\/uploads\/2023\/09\/Kallelse_September_SM-1.pdf\">Kallelse<\/a><br \/>\n<a href=\"https:\/\/www.mitsektionen.se\/wp-content\/uploads\/2023\/09\/Dagordning_SM2.pdf\">Dagordning<\/a><\/p>\n<p><a href=\"https:\/\/www.mitsektionen.se\/wp-content\/uploads\/2023\/09\/Styrelsens_guide_till_Sektionsmotet.pdf\">Styrelsens guide till sektionsm\u00f6tet<\/a><br \/>\n<a href=\"https:\/\/www.mitsektionen.se\/wp-content\/uploads\/2023\/09\/Budgeten-23_24-Summering-4.pdf\">Reviderad Budgetsammanfattning<\/a><\/p>\n<p><a href=\"https:\/\/www.mitsektionen.se\/wp-content\/uploads\/2023\/09\/Kandidatlista-SM-2-1.pdf\">Kandidatlista<\/a><\/p>\n<p><a href = \"https:\/\/www.mitsektionen.se\/wp-content\/uploads\/2023\/10\/SM2_renskrivet.pdf\">Protokoll<\/a><\/p>\n\n<p><strong>Val av SBK-ordf\u00f6rande<\/strong><\/p>\n<p><a href=\"https:\/\/www.mitsektionen.se\/wp-content\/uploads\/2024\/02\/sbk-kallelse-1.pdf\">Kallelse<\/a><\/p>\n<p><a href=\"https:\/\/www.mitsektionen.se\/wp-content\/uploads\/2024\/02\/Motesstadgar.pdf\">M\u00f6tesstadgar<\/a><br>\n<a href=\"https:\/\/www.mitsektionen.se\/wp-content\/uploads\/2024\/02\/HandlingarSBK1.pdf\">Handlingar<\/a><\/p>\n<p><a href=\"https:\/\/www.mitsektionen.se\/wp-content\/uploads\/2024\/02\/sbk_signed.pdf\">Protokoll<\/a><\/p>\n\n<p><strong>SM#1 (Budget-SM)<\/strong><\/p>\n<p><a href=\"https:\/\/www.mitsektionen.se\/wp-content\/uploads\/2023\/04\/Maj_SM_Kallelse.pdf\">Kallelse<\/a><br \/>\n<a href=\"https:\/\/www.mitsektionen.se\/wp-content\/uploads\/2023\/05\/Dagordning_SM1.pdf\">Dagordning<\/a><\/p>\n<p><a href=\"https:\/\/www.mitsektionen.se\/wp-content\/uploads\/2023\/05\/Verksamhetsplan_23_24.pdf\">Verksamhetsplan<\/a><br \/>\n<a href=\"https:\/\/www.mitsektionen.se\/wp-content\/uploads\/2023\/05\/Budgeten-23_24-Summering-1-1.pdf\">Budget Sammanfattning<\/a><br \/><a href=\"https:\/\/www.mitsektionen.se\/wp-content\/uploads\/2023\/05\/Budgeten-23_24-Detaljplanering-1-1.pdf\">Budget Detaljplanering<\/a><\/p>\n<p><a href=\"https:\/\/www.mitsektionen.se\/wp-content\/uploads\/2023\/05\/Motion_Andringar_i_Styrdokument.pdf\">Motion ang\u00e5ende \u00e4ndringar i styrdokument<\/a><br \/>\n<a href=\"https:\/\/www.mitsektionen.se\/wp-content\/uploads\/2023\/05\/Motionssvar_SM1.pdf\">Motionssvar ang\u00e5ende \u00e4ndringar i styrdokument<\/a><\/p>\n<p><a href=\"https:\/\/www.mitsektionen.se\/wp-content\/uploads\/2023\/05\/Proposition_Sangbok.pdf\">Proposition ang\u00e5ende tills\u00e4ttning av s\u00e5ngbokskommit\u00e9<\/a><\/p>\n<p><a href=\"https:\/\/www.mitsektionen.se\/wp-content\/uploads\/2023\/05\/Kandidatlista-SM1-2023.pdf\">Kandidatlista<\/a><\/p>\n<p><!-- wp:paragraph--><\/p>\n<p><a href=\"https:\/\/www.mitsektionen.se\/wp-content\/uploads\/2023\/06\/SM1_Renskrivet.pdf\">Protokoll<\/a><\/p>\n<p><!-- \/wp:paragraph--><\/p>\n\n\n<h4 class=\"wp-block-heading\">2022\/2023<\/h4>\n\n\n<p><strong>SM#5 (Val-SM)<\/strong><\/p>\n<p><a href=\"https:\/\/www.mitsektionen.se\/wp-content\/uploads\/2023\/03\/Kallelse-Val-SM-uppdaterad.pdf\">Kallelse<\/a><br \/>\n<a href=\"https:\/\/www.mitsektionen.se\/wp-content\/uploads\/2023\/03\/Dagordning_SM-2.pdf\">Dagordning<\/a><br \/>\n<a href=\"https:\/\/www.mitsektionen.se\/wp-content\/uploads\/2023\/03\/Arets_Kamrat-2.pdf\">Nominerade till \u00c5rets Kamrat<\/a><\/p>\n<p><a href=\"https:\/\/www.mitsektionen.se\/wp-content\/uploads\/2023\/03\/Kandidatlista-SM5.pdf\">Kandidatlista<\/a><\/p>\n\n\n<p><a href=\"https:\/\/www.mitsektionen.se\/wp-content\/uploads\/2023\/05\/Val-SM-ren.pdf\">Protokoll<\/a><\/p>\n\n\n<p><strong>SM#4 (Extra-SM)<\/strong><\/p>\n<p><a href=\"https:\/\/www.mitsektionen.se\/wp-content\/uploads\/2023\/01\/Kallelse-extraSM.pdf\">Kallelse<\/a><br \/><a href=\"https:\/\/www.mitsektionen.se\/wp-content\/uploads\/2023\/02\/Dagordning_extra_SM2023-1.pdf\">Dagordning<\/a><\/p>\n<p><a href=\"https:\/\/www.mitsektionen.se\/wp-content\/uploads\/2023\/02\/Proposition___Val_av_ledamot_till_K_rfullm_ktige-5.pdf\">Proposition ang\u00e5ende val av delegatlista till K\u00e5rfullm\u00e4ktige<\/a><\/p>\n\n\n<p><a href=\"https:\/\/www.mitsektionen.se\/wp-content\/uploads\/2023\/03\/SM4-uppdaterad-2.pdf\">Protokoll<\/a><\/p>\n\n\n<p><strong>SM#3<\/strong><br \/><a href=\"https:\/\/www.mitsektionen.se\/wp-content\/uploads\/2022\/11\/Kallelse-updaterad.pdf\">Kallelse<\/a><br \/><a href=\"https:\/\/www.mitsektionen.se\/wp-content\/uploads\/2022\/11\/Dagordning_November_SM-1.pdf\">Dagordning<\/a><\/p>\n<p><a href=\"https:\/\/www.mitsektionen.se\/wp-content\/uploads\/2022\/11\/Kandidatlista-SM3.pdf\">Kandidatlista<\/a><\/p>\n<p><a href=\"https:\/\/www.mitsektionen.se\/wp-content\/uploads\/2022\/11\/Proposition___Val_av_ledamot_till_K_rfullm_ktige-4.pdf\">Proposition ang\u00e5ende val av delegatlista till K\u00e5rfullm\u00e4ktige<\/a><br \/><a href=\"https:\/\/www.mitsektionen.se\/wp-content\/uploads\/2022\/11\/Motion_1.pdf\">Motion ang\u00e5ende \u00e4ndring av Defibrillatorns verksamhetsperiod<\/a><br \/><a href=\"https:\/\/www.mitsektionen.se\/wp-content\/uploads\/2022\/11\/Motion-Alumnimedlemmar.pdf\">Motion ang\u00e5ende Alumnimedlemmar<\/a><\/p>\n<p><a href=\"https:\/\/www.mitsektionen.se\/wp-content\/uploads\/2022\/11\/Motionssvar____ndring_av_Defibrillatorns_verksamhetspoeriod-3.pdf\">Motionssvar ang\u00e5ende \u00e4ndring av Defibrillatorns verksamhetsperiod<\/a><br \/><a href=\"https:\/\/www.mitsektionen.se\/wp-content\/uploads\/2022\/11\/Motionssvar_Alumnimedlem-1.pdf\">Motionssvar ang\u00e5ende Alumnimedlemmar<\/a><\/p>\n\n\n<p><a href=\"https:\/\/www.mitsektionen.se\/wp-content\/uploads\/2023\/03\/SM3-uppdaterad.pdf\">Protokoll<\/a><\/p>\n\n\n<p><strong>SM#2<\/strong><br \/><a href=\"https:\/\/www.mitsektionen.se\/wp-content\/uploads\/2022\/09\/Kallelse_SM2_2022.pdf\">Kallelse<\/a><br \/><a href=\"https:\/\/www.mitsektionen.se\/wp-content\/uploads\/2022\/09\/Dagordning_SM_2_2022-1.pdf\">Dagordning<\/a><br \/><a href=\"https:\/\/www.mitsektionen.se\/wp-content\/uploads\/2022\/09\/Kandidatlista-SM2.pdf\">Kandidatlista<\/a><br \/><a href=\"https:\/\/www.mitsektionen.se\/wp-content\/uploads\/2022\/09\/Verksamhetsberattelse-21_22-1.pdf\">Verksamhetsber\u00e4ttelse 21\/22<\/a><br \/><a href=\"https:\/\/www.mitsektionen.se\/wp-content\/uploads\/2022\/09\/revision.pdf\">Revisionsber\u00e4ttelse 21\/22<\/a><br \/><a href=\"https:\/\/www.mitsektionen.se\/wp-content\/uploads\/2022\/09\/Sektionen_for_Medicinsk_Teknik_Resultatrapport-Bokslut-202204.pdf\">Resultatrapport 21\/22<\/a><br \/><a href=\"https:\/\/www.mitsektionen.se\/wp-content\/uploads\/2022\/09\/Sektionen_for_Medicinsk_Teknik_Balansrapport-Bokslut-202204.pdf\">Balansrapport 21\/22<\/a><br \/><a href=\"https:\/\/www.mitsektionen.se\/wp-content\/uploads\/2022\/09\/Motion-1.pdf\">Motion ang\u00e5ende \u00e4ndringar i stadgarna g\u00e4llande budget\u00e4ndringar<\/a><br \/><a href=\"https:\/\/www.mitsektionen.se\/wp-content\/uploads\/2022\/09\/Motion_g_llande_15__rsjubel.pdf\">Motion g\u00e4llande 15-\u00e5rs jubel<\/a><br \/><a href=\"https:\/\/www.mitsektionen.se\/wp-content\/uploads\/2022\/09\/Motionssvar_2022___Budget_ndringar-1.pdf\">Motionssvar ang\u00e5ende \u00e4ndringar i stadgar g\u00e4llande budget\u00e4ndringar<\/a><br \/><a href=\"https:\/\/www.mitsektionen.se\/wp-content\/uploads\/2022\/09\/Motionssvar_Jubelgrupp.pdf\">Motionssvar ang\u00e5ende 15-\u00e5rs jubel<\/a><\/p>\n\n\n<p><a href=\"https:\/\/www.mitsektionen.se\/wp-content\/uploads\/2024\/02\/SM2-fardig.pdf\">Protokoll<\/a><\/p>\n\n\n<p><strong>SM#1 (Budget-SM)<\/strong><br \/><a href=\"https:\/\/www.mitsektionen.se\/wp-content\/uploads\/2022\/05\/KallelseMajSM.pdf\">Kallelse<\/a><br \/><a href=\"https:\/\/www.mitsektionen.se\/wp-content\/uploads\/2022\/05\/Verksamhetsplan_2022_2023-3.pdf\">Verksamhetsplan<\/a><br \/><a href=\"https:\/\/www.mitsektionen.se\/wp-content\/uploads\/2022\/05\/Dagordning-SM-17_05_2022.pdf\">Dagordning<\/a><br \/><a href=\"https:\/\/www.mitsektionen.se\/wp-content\/uploads\/2022\/05\/Kandidatlista-SM-17-05-2022.pdf\">Kandidatlista<\/a><br \/><a href=\"https:\/\/www.mitsektionen.se\/wp-content\/uploads\/2022\/05\/budget22_23-Sammanfattning.pdf\">Budget 22\/23-Sammanfattning<\/a><br \/><a href=\"https:\/\/www.mitsektionen.se\/wp-content\/uploads\/2022\/05\/budget22_23-Detaljplanering.pdf\">Budget 22\/23-Detaljplanering<\/a><\/p>\n\n\n<p><a href=\"https:\/\/www.mitsektionen.se\/wp-content\/uploads\/2023\/01\/SM1-fardig.pdf\">Protokoll<\/a><\/p>\n\n\n\n<h4 class=\"wp-block-heading\">2021\/2022<\/h4>\n\n\n<p><strong>SM#4 (Val-SM)<\/strong><br \/><a href=\"https:\/\/www.mitsektionen.se\/wp-content\/uploads\/2022\/02\/Kallelse-Val-SM-220323.pdf\">Kallelse<\/a><br \/><a href=\"https:\/\/www.mitsektionen.se\/wp-content\/uploads\/2022\/03\/Dagordning_SM4.pdf\">Dagordning<\/a><br \/><a href=\"https:\/\/www.mitsektionen.se\/wp-content\/uploads\/2022\/03\/Kandidatlista-SM4.pdf\">Kandidatlista SM#4<\/a><br \/><a href=\"https:\/\/www.mitsektionen.se\/wp-content\/uploads\/2022\/03\/Proposition_om_proposition-1.pdf\">Proposition f\u00f6r \u00e5terupptagning av proposition<\/a><br \/><a href=\"https:\/\/www.mitsektionen.se\/wp-content\/uploads\/2022\/03\/\u00c5retsKamrat.pdf\">Nominerade till \u00c5rets Kamrat<\/a><\/p>\n<p><a href=\"https:\/\/www.mitsektionen.se\/wp-content\/uploads\/2022\/03\/Motion_ang_ende_motionsstopp-3-1.pdf\">Motion ang\u00e5ende motionsstopp<\/a><br \/><a href=\"https:\/\/www.mitsektionen.se\/wp-content\/uploads\/2022\/03\/Motion_Skyddsombud-1.pdf\">Motion ang\u00e5ende skyddsombud<\/a><br \/><a href=\"https:\/\/www.mitsektionen.se\/wp-content\/uploads\/2022\/03\/MotionssvarSM42022.pdf\">Motionssvar ang\u00e5ende skyddsombud<\/a><br \/><a href=\"https:\/\/www.mitsektionen.se\/wp-content\/uploads\/2022\/03\/Beslutspunkt_ang_ende_v_rbal.pdf\">Beslutspunkt ang\u00e5ende bidrag till v\u00e5rbalen<\/a><\/p>\n\n\n<p><a href=\"https:\/\/www.mitsektionen.se\/wp-content\/uploads\/2022\/04\/SM4-220323.pdf\">Protokoll<\/a><\/p>\n\n\n<p><strong>SM#3 <\/strong><br \/><a href=\"https:\/\/www.mitsektionen.se\/wp-content\/uploads\/2021\/11\/SM3-Kallelse-1.pdf\">Kallelse<\/a><br \/><a href=\"https:\/\/www.mitsektionen.se\/wp-content\/uploads\/2021\/11\/Kandidatlista-SM3.pdf\">Kandidatlista SM#3<\/a><br \/><a href=\"https:\/\/www.mitsektionen.se\/wp-content\/uploads\/2021\/11\/Proposition_om_proposition.pdf\">Proposition f\u00f6r \u00e5terupptagning av proposition<\/a><br \/><a href=\"https:\/\/www.mitsektionen.se\/wp-content\/uploads\/2020\/11\/Motion_ang_ende_motionsstopp-3.pdf\">Proposition ang\u00e5ende motionsstopp<\/a><br \/><a href=\"https:\/\/www.mitsektionen.se\/wp-content\/uploads\/2021\/11\/Dagordning_SM-1.pdf\">Dagordning<\/a><\/p>\n\n\n<p><p><a href=\"https:\/\/www.mitsektionen.se\/wp-content\/uploads\/2021\/11\/Verksamhetsbera\u0308ttelse_20_211.pdf\">Verksamhetsber\u00e4ttelse 20\/21<\/a><br><a href=\"https:\/\/www.mitsektionen.se\/wp-content\/uploads\/2021\/11\/Sektionen_for_Medicinsk_teknik_Balansrapport-Bokslut-2021041.pdf\">Balansrapport 20\/21<\/a><br><a href=\"https:\/\/www.mitsektionen.se\/wp-content\/uploads\/2021\/11\/Sektionen_for_Medicinsk_teknik_Resultatrapport-Bokslut-2021041.pdf\">Resultatrapport 20\/21<\/a><br><a href=\"https:\/\/www.mitsektionen.se\/wp-content\/uploads\/2021\/11\/Revisionsber\u00e4ttelse_ver2.pdf\">Revisionsber\u00e4ttelse 20\/21<\/a><\/p>\n<\/p>\n\n\n\n<p><a href=\"https:\/\/www.mitsektionen.se\/wp-content\/uploads\/2022\/02\/SM3-Justerat.pdf\">Protokoll<\/a><\/p>\n\n\n\n<p><strong>SM#2 <\/strong><br><a href=\"https:\/\/www.mitsektionen.se\/wp-content\/uploads\/2021\/09\/Kallelse-SM2.pdf?fbclid=IwAR3KerpRw_h4v9EJxqdzDpeyIquEk9B3PmYunbhlisNk-EZxS5x0LMWn4vc\">Kallelse<\/a><br><a href=\"https:\/\/www.mitsektionen.se\/wp-content\/uploads\/2021\/10\/Dagordning_SM_2.pdf\">Dagordning<\/a><br><a href=\"https:\/\/www.mitsektionen.se\/wp-content\/uploads\/2021\/10\/Kandidatlista-SM2.pdf\">Kandidatlista SM#2<\/a><br><a href=\"https:\/\/www.mitsektionen.se\/wp-content\/uploads\/2011\/08\/Styrelsens-guide-till-Sektionsm%C3%B6tet-1.pdf\">Styrelsens guide till sektionsm\u00f6tet<\/a> <\/p>\n\n\n\n<p><a href=\"https:\/\/www.mitsektionen.se\/wp-content\/uploads\/2022\/01\/SM2-Justerat.pdf\">Protokoll<\/a><\/p>\n\n\n<p><strong>SM#1 (Budget-SM)<\/strong><br \/><a href=\"https:\/\/www.mitsektionen.se\/wp-content\/uploads\/2021\/05\/Kallelse-Maj-SM.pdf\">Kallelse<\/a><br \/><a href=\"https:\/\/www.mitsektionen.se\/wp-content\/uploads\/2021\/05\/Dagordning_SM__1-1.pdf\">Dagordning<\/a><br \/><a href=\"https:\/\/www.mitsektionen.se\/wp-content\/uploads\/2021\/05\/Kandidatlista-SM1.pdf\">Kandidatlista SM#1<\/a><br \/><a href=\"https:\/\/www.mitsektionen.se\/wp-content\/uploads\/2011\/08\/Styrelsens-guide-till-Sektionsm%C3%B6tet-1.pdf\">Styrelsens guide till sektionsm\u00f6tet<\/a><\/p>\n<p><a href=\"https:\/\/www.mitsektionen.se\/wp-content\/uploads\/2021\/05\/Budget_MiT_21_22_-_Sammanfattning.pdf\">Budget MiT 21\/22 Sammanfattning<\/a><br \/><a href=\"https:\/\/www.mitsektionen.se\/wp-content\/uploads\/2021\/05\/Budget_MiT_21_22_-_Detaljplanering.pdf\">Budget MiT 21\/22 Detaljplanering<\/a><br \/><a href=\"https:\/\/www.mitsektionen.se\/wp-content\/uploads\/2021\/05\/Verksamhetsplan-1.pdf\">Verksamhetsplan<\/a><\/p>\n\n\n<p><a href=\"https:\/\/www.mitsektionen.se\/wp-content\/uploads\/2021\/10\/Protokoll-SM1-Justerat.pdf\">Protokoll<\/a><\/p>\n\n\n\n<h4 class=\"wp-block-heading\">2020\/2021<\/h4>\n\n\n\n<p><strong>SM#5 (Val-SM)<\/strong><br><a href=\"https:\/\/www.mitsektionen.se\/wp-content\/uploads\/2021\/03\/Kallelse-Val-SM-210326.pdf\">Kallelse<\/a><br><a href=\"https:\/\/www.mitsektionen.se\/wp-content\/uploads\/2021\/03\/Val_SM-Dagordning.pdf\">Dagordning<\/a><br><a href=\"https:\/\/www.mitsektionen.se\/wp-content\/uploads\/2021\/03\/KandidatlistaValSM.pdf\">Kandidatlista SM#5<\/a><br><a href=\"https:\/\/www.mitsektionen.se\/wp-content\/uploads\/2021\/03\/rets_Kamrat___2021-1.pdf\">Nominerade till \u00c5rets Kamrat<\/a><\/p>\n\n\n\n<p><a href=\"https:\/\/www.mitsektionen.se\/wp-content\/uploads\/2021\/03\/Motion-anga\u030aende-position-i-THS-valna\u0308mnd.pdf\">Motion ang\u00e5ende position i THS valn\u00e4mnd<\/a><br><a href=\"https:\/\/www.mitsektionen.se\/wp-content\/uploads\/2021\/03\/Motionssvar-till-Motion-anga\u030aende-position-i-THS-valna\u0308mnd.pdf\">Motionssvar till: Motion ang\u00e5ende position i THS valn\u00e4mnd<\/a><\/p>\n\n\n\n<p><a href=\"https:\/\/www.mitsektionen.se\/wp-content\/uploads\/2021\/04\/Protokoll-SM-5-210326-justerat.pdf\">Protokoll<\/a><\/p>\n\n\n\n<p><strong>SM#4 (Extra-SM)<\/strong><br><a href=\"https:\/\/www.mitsektionen.se\/wp-content\/uploads\/2021\/01\/Kallelse-Extra-SM.pdf\">Kallelse<\/a><br><a href=\"https:\/\/www.mitsektionen.se\/wp-content\/uploads\/2021\/01\/Kandidatlista-SM4Extra-SM.pdf\">Kandidatlista SM#4<\/a><br><a href=\"https:\/\/www.mitsektionen.se\/wp-content\/uploads\/2021\/01\/Dagordning-Extra-SM.pdf\">Dagordning<\/a><\/p>\n\n\n\n<p><a href=\"https:\/\/www.mitsektionen.se\/wp-content\/uploads\/2021\/03\/Extra-SM4-210126.pdf\">Protokoll<\/a><\/p>\n\n\n\n<p><strong>SM#3<\/strong><br><a href=\"https:\/\/www.mitsektionen.se\/wp-content\/uploads\/2020\/11\/Kallelse-November-SM.pdf\">Kallelse<\/a><br><a href=\"https:\/\/www.mitsektionen.se\/wp-content\/uploads\/2020\/11\/SM3-Dagordning.pdf\">Dagordning<\/a><br><a href=\"https:\/\/www.mitsektionen.se\/wp-content\/uploads\/2020\/11\/proposition_pns.pdf\">Proposition ang\u00e5ende \u00e4ndringar i reglemente<\/a><br><a href=\"https:\/\/www.mitsektionen.se\/wp-content\/uploads\/2020\/11\/Motion_ang_ende_motionsstopp-3.pdf\">Proposition ang\u00e5ende motionsstopp<\/a><br><a href=\"https:\/\/www.mitsektionen.se\/wp-content\/uploads\/2020\/11\/kandidatlistaSM3.pdf\">Kandidatlista SM#3<\/a><\/p>\n\n\n\n<p><a href=\"https:\/\/www.mitsektionen.se\/wp-content\/uploads\/2020\/11\/Verksamhetsber\u00e4ttelse-2019_2020.pdf\">Verksamhetsber\u00e4ttelse 19\/20<\/a><br><a href=\"https:\/\/www.mitsektionen.se\/wp-content\/uploads\/2020\/11\/Balansrapport-1920-Medicinsk-Teknik-3.pdf\">Balansrapport 19\/20<\/a><br><a href=\"https:\/\/www.mitsektionen.se\/wp-content\/uploads\/2020\/11\/Resultatrapport-1920-Medicinsk-Teknik.pdf\">Resultatrapport 19\/20<\/a><br><a href=\"https:\/\/www.mitsektionen.se\/wp-content\/uploads\/2020\/11\/Revisionsber\u00e4ttelse-1920.pdf\">Revisionsber\u00e4ttelse 19\/20<\/a><\/p>\n\n\n\n<p><a href=\"https:\/\/www.mitsektionen.se\/wp-content\/uploads\/2020\/12\/Protokoll-SM3-201130-justerat.pdf\">Protokoll<\/a><\/p>\n\n\n\n<p><strong>SM#2 <\/strong><br><a href=\"https:\/\/www.mitsektionen.se\/wp-content\/uploads\/2020\/09\/Kallelse-September-SM-200922.pdf\">Kallelse<\/a><br><a href=\"https:\/\/www.mitsektionen.se\/wp-content\/uploads\/2020\/09\/SM2-Dagordning.pdf\">Dagordning <\/a><br><a href=\"https:\/\/www.mitsektionen.se\/wp-content\/uploads\/2020\/09\/KandidatlistaSM2.pdf\">Kandidatlista SM#2<\/a><\/p>\n\n\n\n<p><a href=\"https:\/\/www.mitsektionen.se\/wp-content\/uploads\/2020\/11\/Protokoll-SM2-200922-justerat.pdf\">Protokoll<\/a><br><\/p>\n\n\n\n<p><strong>SM#1 (Budget-SM)<\/strong> <br><a href=\"https:\/\/www.mitsektionen.se\/wp-content\/uploads\/2020\/05\/Kallelse-Maj-SM.pdf\">Kallelse<\/a><br><a href=\"https:\/\/www.mitsektionen.se\/wp-content\/uploads\/2020\/05\/SM-1-Dagordning.pdf\">Dagordning<\/a><br><a href=\"https:\/\/www.mitsektionen.se\/wp-content\/uploads\/2020\/05\/Kandidatlista-2-1.pdf\">Kandidatlista SM#1<\/a><br><a href=\"https:\/\/www.mitsektionen.se\/wp-content\/uploads\/2011\/08\/Styrelsens-guide-till-Sektionsm%C3%B6tet-1.pdf\">Styrelsens guide till Sektionsm\u00f6tet<\/a>  <br><a href=\"https:\/\/www.mitsektionen.se\/wp-content\/uploads\/2020\/05\/Motion-Skyddsombud.pdf\">Motion ang\u00e5ende Skyddsombud<\/a><br><a href=\"https:\/\/www.mitsektionen.se\/wp-content\/uploads\/2020\/05\/Mottionssvar_till__Motion_om_Skyddsombud.pdf\">Motionssvar ang\u00e5ende Skyddsombud<\/a><br><a href=\"https:\/\/www.mitsektionen.se\/wp-content\/uploads\/2020\/05\/2021-Verksamhetsplan.pdf\">Verksamhetsplan<\/a><br><a href=\"https:\/\/www.mitsektionen.se\/wp-content\/uploads\/2020\/05\/Budget-Mit-20_21-Sammanfattning-1.pdf\">Budget MiT 20\/21 Sammanfattning<\/a><br><a href=\"https:\/\/www.mitsektionen.se\/wp-content\/uploads\/2020\/05\/Budget-Mit-20_21-Detaljplanering-1.pdf\">Budget MiT 20\/21 Detaljplanering<\/a><\/p>\n\n\n\n<p><a href=\"https:\/\/www.mitsektionen.se\/wp-content\/uploads\/2020\/06\/Protokoll-SM1-200518-justerat.pdf\">Protokoll<\/a><\/p>\n\n\n\n<h4 class=\"wp-block-heading\">2019\/2020<\/h4>\n\n\n\n<p><strong>SM#4 (Val-SM)<\/strong><br><a href=\"https:\/\/www.mitsektionen.se\/wp-content\/uploads\/2020\/02\/SM-Kallelse-Val-SM.pdf\">Kallelse<\/a><br><a href=\"https:\/\/www.mitsektionen.se\/wp-content\/uploads\/2020\/03\/DagordningSM4-1.pdf\">Dagordning<\/a><br><a href=\"https:\/\/www.mitsektionen.se\/wp-content\/uploads\/2020\/03\/KandidatlistaSM4.pdf\">Kandidatlista SM#4<\/a><br><a href=\"https:\/\/www.mitsektionen.se\/wp-content\/uploads\/2020\/03\/Nomineringar-\u00e5rets-kamrat.pdf\">Nomineringar till \u00e5rets kamrat<\/a><br><a href=\"https:\/\/www.mitsektionen.se\/wp-content\/uploads\/2011\/08\/Styrelsens-guide-till-Sektionsm\u00f6tet-1.pdf\">Styrelsens guide till Sektionsm\u00f6tet<\/a> <\/p>\n\n\n\n<p><a href=\"https:\/\/www.mitsektionen.se\/wp-content\/uploads\/2020\/02\/Motion_ang\u00e5ende_Policy_f\u00f6r_Valberedningen.pdf\">Motion ang\u00e5ende policy f\u00f6r valberedningen<\/a><br><a href=\"https:\/\/www.mitsektionen.se\/wp-content\/uploads\/2020\/02\/Policy_f\u00f6r_Valberedningen.pdf\">Policy f\u00f6r valberedningen<\/a><br><a href=\"https:\/\/www.mitsektionen.se\/wp-content\/uploads\/2020\/03\/Motionssvar_Valberedningen.pdf\">Motionssvar till: Motion ang\u00e5ende Policy f\u00f6r Valberedningen<\/a><br><a href=\"https:\/\/www.mitsektionen.se\/wp-content\/uploads\/2020\/03\/Svar_till_Motionssvar_Valberedningen.pdf\">Svar till motionssvar till Motion ang\u00e5ende Policy f\u00f6r valberedningen<\/a><\/p>\n\n\n\n<p><a href=\"https:\/\/www.mitsektionen.se\/wp-content\/uploads\/2020\/04\/SM4-200325.pdf\">Protokoll<\/a><\/p>\n\n\n\n<p><strong>SM#3<\/strong><br><a href=\"https:\/\/www.mitsektionen.se\/wp-content\/uploads\/2019\/11\/SM-Kallelse-November-SM.pdf\">Kallelse<\/a><br><a href=\"https:\/\/www.mitsektionen.se\/wp-content\/uploads\/2019\/11\/DagordningSM3-1.pdf\">Dagordning<\/a><br><a href=\"https:\/\/www.mitsektionen.se\/wp-content\/uploads\/2019\/11\/Kandidatlista.pdf\">Kandidatlista<\/a><br><a href=\"https:\/\/www.mitsektionen.se\/wp-content\/uploads\/2011\/08\/Styrelsens-guide-till-Sektionsm\u00f6tet-1.pdf\">Styrelsens guide till Sektionsm\u00f6tet<\/a><\/p>\n\n\n\n<p><a href=\"https:\/\/www.mitsektionen.se\/wp-content\/uploads\/2019\/11\/Proposition_JML.pdf\">JML Proposition<\/a><br><a href=\"https:\/\/www.mitsektionen.se\/wp-content\/uploads\/2019\/11\/Revisionsberattelse.pdf\">Revisionsber\u00e4ttelse f\u00f6r verksamhets\u00e5ret 18\/19<\/a><br><a href=\"https:\/\/www.mitsektionen.se\/wp-content\/uploads\/2019\/11\/Balansrapport_20180501-20190430_Sektionen-f\u00f6r-Medicinsk-Teknik-1.pdf\">Balansrapport 18\/19<\/a><br><a href=\"https:\/\/www.mitsektionen.se\/wp-content\/uploads\/2019\/11\/Resultatrapport_20180501-20190430_Sektionen-f\u00f6r-Medicinsk-Teknik-1-1.pdf\">Resultatrapport 18\/19<\/a><br><a href=\"https:\/\/www.mitsektionen.se\/wp-content\/uploads\/2019\/11\/Verksamhetsber\u00e4ttelse-2018_2019.pdf\">Verksamhetsber\u00e4ttelse 18\/19<\/a><br><a href=\"https:\/\/www.mitsektionen.se\/wp-content\/uploads\/2019\/11\/Promemoria-om-redovisningen-i-Sektionen-f\u00f6r-Medicinsk-Teknik.pdf\">Promemoria om redovisningen i Sektionen f\u00f6r Medicinsk Teknik<\/a><\/p>\n\n\n\n<p><a href=\"https:\/\/www.mitsektionen.se\/wp-content\/uploads\/2019\/12\/SM-3-191126.pdf\">Protokoll<\/a><\/p>\n\n\n\n<p><strong>SM#2<\/strong><br><a href=\"https:\/\/www.mitsektionen.se\/wp-content\/uploads\/2019\/09\/SM-Kallelse-September-SM.pdf\">Kallelse<\/a><br><a href=\"https:\/\/www.mitsektionen.se\/wp-content\/uploads\/2019\/09\/DagordningSM2.pdf\">Dagordning<\/a><br><a href=\"https:\/\/www.mitsektionen.se\/wp-content\/uploads\/2011\/08\/Styrelsens-guide-till-Sektionsm\u00f6tet-1.pdf\">Styrelsens guide till Sektionsm\u00f6tet<\/a><br><a href=\"https:\/\/www.mitsektionen.se\/wp-content\/uploads\/2019\/09\/KandidatlistaSM2.pdf\">KandidatlistaSM#2<\/a><\/p>\n\n\n\n<p><a href=\"https:\/\/www.mitsektionen.se\/wp-content\/uploads\/2011\/08\/MotionEngelska\u00d6vers\u00e4ttningar.pdf\">Motion Engelska \u00d6vers\u00e4ttningar<\/a><br><a href=\"https:\/\/www.mitsektionen.se\/wp-content\/uploads\/2019\/09\/MotionPM.pdf\">Motion ang\u00e5ende PM f\u00f6r dokumentation<\/a><br><a href=\"https:\/\/www.mitsektionen.se\/wp-content\/uploads\/2019\/09\/Motionssvar-SM2.pdf\">Motionssvar till: Motion ang\u00e5ende PM f\u00f6r dokumentation<\/a><\/p>\n\n\n\n<p><a href=\"https:\/\/www.mitsektionen.se\/wp-content\/uploads\/2020\/01\/SM-2-190925.pdf\">Protokoll<\/a><\/p>\n\n\n\n<p><strong>SM#1 (Budget-SM)<\/strong> <br><a href=\"https:\/\/www.mitsektionen.se\/wp-content\/uploads\/2019\/04\/Kallelse-Maj-SM.pdf\">Kallelse<\/a><br><a href=\"https:\/\/www.mitsektionen.se\/wp-content\/uploads\/2011\/08\/DagordningSM.pdf\">Dagordning<\/a><br><a href=\"https:\/\/www.mitsektionen.se\/wp-content\/uploads\/2011\/08\/Styrelsens-guide-till-Sektionsm\u00f6tet-1.pdf\">Styrelsens guide till Sektionsm\u00f6tet<\/a><br><a href=\"https:\/\/www.mitsektionen.se\/wp-content\/uploads\/2019\/05\/Motion_Maj_SM_2019.pdf\">Motion ang\u00e5ende \u00e4ndringar i styrdokument<\/a><br><a href=\"https:\/\/www.mitsektionen.se\/wp-content\/uploads\/2019\/05\/Motionssvar1.pdf\">Styrelsens motionssvar till &#8221;Motion ang\u00e5ende \u00e4ndringar i styrdokument&#8221;<\/a><br><a href=\"https:\/\/www.mitsektionen.se\/wp-content\/uploads\/2011\/08\/MotionEngelska\u00d6vers\u00e4ttningar.pdf\">Motion Engelska \u00d6vers\u00e4ttningar<\/a><br><a href=\"https:\/\/www.mitsektionen.se\/wp-content\/uploads\/2019\/05\/Motionssvar_engelsk__vers_ttning.pdf\">Motionssvar engelska \u00f6vers\u00e4ttningar<\/a><br><a href=\"https:\/\/www.mitsektionen.se\/wp-content\/uploads\/2019\/05\/Enk\u00e4trapport.pdf\">Enk\u00e4trapport fr\u00e5n fusionsgruppen<\/a><br><a href=\"https:\/\/www.mitsektionen.se\/wp-content\/uploads\/2019\/05\/Kandidatlista-SM1.pdf\">Kandidatlista SM#1<\/a><br><a href=\"https:\/\/www.mitsektionen.se\/wp-content\/uploads\/2019\/05\/Verksamhetsplan.pdf\">Verksamhetsplan<\/a><br><a href=\"https:\/\/www.mitsektionen.se\/wp-content\/uploads\/2019\/05\/Budget-Mit-19_20-Sammanfattning.pdf\">Budget Mit 19\/20 Sammanfattning<\/a><br><a href=\"https:\/\/www.mitsektionen.se\/wp-content\/uploads\/2019\/05\/Budget-Mit-19_20-Detaljplanering.pdf\">Budget Mit 19\/20 Detaljplanering<\/a><\/p>\n\n\n\n<p><a href=\"https:\/\/www.mitsektionen.se\/wp-content\/uploads\/2019\/05\/SM1-190515.pdf\">Protokoll<\/a><\/p>\n\n\n\n<h4 class=\"wp-block-heading\">2018\/2019<\/h4>\n\n\n\n<p><strong>SM#4 (Val-SM)<br><\/strong><a href=\"https:\/\/www.mitsektionen.se\/wp-content\/uploads\/2019\/02\/Kallelse-Val-SM.pdf\">Kallelse<br><\/a><a href=\"https:\/\/www.mitsektionen.se\/wp-content\/uploads\/2011\/08\/Dagordning_SM4.pdf\">Dagordning<\/a><br><a href=\"https:\/\/www.mitsektionen.se\/wp-content\/uploads\/2011\/08\/Styrelsens-guide-till-Sektionsm\u00f6tet-1.pdf\">Styrelsens guide till Sektionsm\u00f6tet<\/a><br><a href=\"https:\/\/www.mitsektionen.se\/wp-content\/uploads\/2011\/08\/\u00c5rets-Kamrat.pdf\">Nominerade till \u00c5rets Kamrat<br><\/a><a href=\"https:\/\/www.mitsektionen.se\/wp-content\/uploads\/2019\/04\/Val-SM.pdf\">Protokoll<\/a><\/p>\n\n\n\n<p><a href=\"https:\/\/www.mitsektionen.se\/wp-content\/uploads\/2011\/08\/Rapport-Fusionsgruppen.pdf\">Rapport Fusionsgruppen<\/a><br><a href=\"https:\/\/www.mitsektionen.se\/wp-content\/uploads\/2011\/08\/Motion-Fusionsgruppen.pdf\">Motion Fusionsgruppen<\/a><br><a href=\"https:\/\/www.mitsektionen.se\/wp-content\/uploads\/2011\/08\/Motionssvar-Fusionsgruppen.pdf\">Motionssvar Fusionsgruppen<\/a><\/p>\n\n\n\n<p><a href=\"https:\/\/www.mitsektionen.se\/wp-content\/uploads\/2011\/08\/Simons-motionsyrkande.pdf\">Simons motionsyrkande<\/a><\/p>\n\n\n\n<p><a href=\"https:\/\/www.mitsektionen.se\/wp-content\/uploads\/2011\/08\/Proposition-Korrigering-av-reglemente.pdf\">Proposition Korrigering av reglemente<\/a><\/p>\n\n\n\n<p><strong>SM #3 (November-SM)<br><\/strong><a href=\"https:\/\/www.mitsektionen.se\/wp-content\/uploads\/2018\/11\/Kallelse-November-SM.pdf\">Kallelse<br><\/a><a style=\"font-size: 1rem;\" href=\"https:\/\/www.mitsektionen.se\/wp-content\/uploads\/2011\/08\/Dagordning_novemberSM.pdf\">Dagordning<\/a><br><a href=\"https:\/\/www.mitsektionen.se\/wp-content\/uploads\/2011\/08\/Styrelsens-guide-till-Sektionsm\u00f6tet.pdf\">Styrelsens guide till Sektionsm\u00f6tet<\/a><br><a href=\"https:\/\/www.mitsektionen.se\/wp-content\/uploads\/2011\/08\/KAFFE_Motion.pdf\">KAFFEMotion<\/a><br><a href=\"https:\/\/www.mitsektionen.se\/wp-content\/uploads\/2011\/08\/Motionssvar_Kaffe.pdf\">Motionssvar Kaffe<br><\/a><a style=\"font-size: 1rem;\" href=\"https:\/\/www.mitsektionen.se\/wp-content\/uploads\/2019\/02\/November-SM.pdf\">Protokoll<\/a><\/p>\n\n\n\n<p><a href=\"https:\/\/www.mitsektionen.se\/wp-content\/uploads\/2011\/08\/Fusionsarbetet-hittils-och-fram\u00f6ver.pdf\">Fusionsarbetet-hittils-och-fram\u00f6ver<\/a><\/p>\n\n\n\n<p><strong>SM #2 (September-SM)<\/strong><br><a href=\"https:\/\/www.mitsektionen.se\/wp-content\/uploads\/2018\/09\/Kallelse-September-SM.pdf\">Kallelse<br><\/a><a href=\"https:\/\/www.mitsektionen.se\/wp-content\/uploads\/2018\/11\/September-SM.pdf\">Protokoll<\/a><\/p>\n\n\n\n<p><strong>SM #1 (Budget-SM)<br><\/strong><a href=\"https:\/\/www.mitsektionen.se\/wp-content\/uploads\/2019\/08\/Kallelse-Maj-SM.pdf\">Kallelse<\/a><br><a href=\"https:\/\/www.mitsektionen.se\/wp-content\/uploads\/2019\/09\/Verksamhetsplan_18_19.pdf\">Verksamhetsplan<\/a><br><a href=\"https:\/\/www.mitsektionen.se\/wp-content\/uploads\/2019\/09\/Proposition-ang\u00dcende-Uppf\u00eeljning-av-strategiarbetet.pdf\">Proposition ang\u00e5ende uppf\u00f6ljning av strategiarbetet<\/a><br><a href=\"https:\/\/www.mitsektionen.se\/wp-content\/uploads\/2019\/09\/Proposition_ang\u00dcende_JML-grupp.pdf\">Proposition ang\u00e5ende JML-grupp<\/a><br><a href=\"https:\/\/www.mitsektionen.se\/wp-content\/uploads\/2019\/09\/Dagordning_SM1.pdf\">Dagordning SM #1<\/a><br><a href=\"https:\/\/www.mitsektionen.se\/wp-content\/uploads\/2019\/09\/Budget-MiT-1819-Sammanst\u00d1llning.pdf\">Budget MiT 1819 Sammanst\u00e4llning<\/a><br><a href=\"https:\/\/www.mitsektionen.se\/wp-content\/uploads\/2019\/09\/Budget-MiT-1819-Detalj.pdf\">Budget MiT 1819 Detalj<\/a><\/p>\n\n\n\n<p><a href=\"https:\/\/www.mitsektionen.se\/wp-content\/uploads\/2018\/09\/SM1.pdf\">Protokoll<\/a><\/p>\n\n\n\n<h4 class=\"wp-block-heading\">2017\/2018<\/h4>\n\n\n\n<p><strong>SM #4 (Val-SM)<\/strong><br><a href=\"https:\/\/www.mitsektionen.se\/wp-content\/uploads\/2011\/08\/Kallelse-Val-SM.png\">Kallelse<\/a><br><a href=\"https:\/\/www.mitsektionen.se\/wp-content\/uploads\/2011\/08\/Dagordning-Val-SM.pdf\" rel=\"attachment wp-att-4118\">Dagordning <\/a><br><a href=\"https:\/\/www.mitsektionen.se\/wp-content\/uploads\/2011\/08\/Proposition-om-styrdokument.pdf\" rel=\"attachment wp-att-4119\">Proposition ang\u00e5ende \u00e4ndringar i styrdokument<\/a><br><a href=\"https:\/\/www.mitsektionen.se\/wp-content\/uploads\/2011\/08\/Stadgar-med-\u00e4ndringsf\u00f6rslag.pdf\">Stadgar med \u00e4ndringsf\u00f6rslag<\/a><br><a href=\"https:\/\/www.mitsektionen.se\/wp-content\/uploads\/2011\/08\/Regelmente-med-\u00e4ndringsf\u00f6rslag.pdf\">Regelmente med \u00e4ndringsf\u00f6rslag<\/a><br><a href=\"https:\/\/www.mitsektionen.se\/wp-content\/uploads\/2018\/05\/Val-SM.pdf\">Protokoll<\/a><\/p>\n\n\n\n<p><strong>SM #3 (November-SM)<\/strong><br><a href=\"https:\/\/www.mitsektionen.se\/wp-content\/uploads\/2018\/02\/Kallelse-Nov-sm.pdf\">Kallelse<\/a><br><a href=\"https:\/\/www.mitsektionen.se\/wp-content\/uploads\/2018\/02\/November-SM.pdf\">Protokoll<\/a><\/p>\n\n\n\n<p><strong>SM #2 (September-SM)<\/strong><br><a href=\"https:\/\/www.mitsektionen.se\/wp-content\/uploads\/2017\/09\/September-SM.pdf\">Kallelse<\/a><br><a href=\"https:\/\/www.mitsektionen.se\/wp-content\/uploads\/2017\/11\/September-SM-protokoll.pdf\">Protokoll<\/a><\/p>\n\n\n\n<p><strong>SM #1 (Budget-SM)<\/strong><br><a href=\"https:\/\/www.mitsektionen.se\/wp-content\/uploads\/2017\/05\/Dagordning-Budget-SM.pdf\">Dagordning-Budget-SM<\/a><br><a href=\"https:\/\/www.mitsektionen.se\/wp-content\/uploads\/2017\/05\/Verksamhetsber\u00e4ttelse.pdf\">Verksamhetsber\u00e4ttelse f\u00f6r 15\/16<\/a><br><a href=\"https:\/\/www.mitsektionen.se\/wp-content\/uploads\/2017\/05\/Resultatrapport_20150501-20160430_THS-Sektionen-Medicinsk-Teknik.pdf\">Resultatrapport 15\/16<\/a><br><a href=\"https:\/\/www.mitsektionen.se\/wp-content\/uploads\/2017\/05\/Balansrapport_20150501-20160430_THS-Sektionen-Medicinsk-Teknik.pdf\">Balansrapport 15\/16<\/a><br><a href=\"https:\/\/www.mitsektionen.se\/wp-content\/uploads\/2017\/05\/Revisionsberc3a4ttelse.pdf\">Revisionsber\u00e4ttelse<\/a><br><a href=\"https:\/\/www.mitsektionen.se\/wp-content\/uploads\/2017\/05\/Proposition_Stadeg_ndring_omr_stning_2.pdf\">Proposition-Stadeg\u00e4ndring<\/a><br><a href=\"https:\/\/www.mitsektionen.se\/wp-content\/uploads\/2017\/05\/Verksamhetsplan_17_18.pdf\">Verksamhetsplan 17\/18<\/a><br><a href=\"https:\/\/www.mitsektionen.se\/wp-content\/uploads\/2017\/05\/MIT-budget-2017-2018.pdf\">Budget 17\/18<\/a><br><a href=\"https:\/\/www.mitsektionen.se\/wp-content\/uploads\/2017\/09\/Maj-SM.pdf\">Protokoll<\/a><\/p>\n\n\n\n<h4 class=\"wp-block-heading\">2016\/2017<\/h4>\n\n\n\n<p><strong>SM #4 Val-SM<\/strong><br><a href=\"https:\/\/www.mitsektionen.se\/wp-content\/uploads\/2017\/02\/Kallelse-Val-SM.pdf\">Kallelse<br><\/a><a href=\"https:\/\/www.mitsektionen.se\/wp-content\/uploads\/2017\/03\/Dagordning_SM.pdf\">Dagordning<br><\/a><a href=\"https:\/\/www.mitsektionen.se\/wp-content\/uploads\/2017\/03\/Proposition_Stadeg_ndring.pdf\">Proposition ang\u00e5ende stadge\u00e4ndringar<br><\/a><a href=\"https:\/\/www.mitsektionen.se\/wp-content\/uploads\/2017\/03\/Proposition__ndring_Reglemente.pdf\">Proposition ang\u00e5ende regelementes\u00e4ndringar<br><\/a><a href=\"https:\/\/www.mitsektionen.se\/wp-content\/uploads\/2017\/03\/Revisionsber\u00e4ttelse.pdf\">Revisionsber\u00e4ttelse 15\/16<br><\/a><a href=\"https:\/\/www.mitsektionen.se\/wp-content\/uploads\/2017\/03\/Motion-fanb\u00e4rare.pdf\">Motion ang\u00e5ende budget f\u00f6r fanb\u00e4rare<\/a><br><a href=\"https:\/\/www.mitsektionen.se\/wp-content\/uploads\/2017\/03\/Motionssvar_subventionering_av_fanb_rare-1.pdf\">Motionssvar ang\u00e5ende budget f\u00f6r fanb\u00e4rare<br><\/a><a href=\"https:\/\/www.mitsektionen.se\/wp-content\/uploads\/2017\/04\/Val-SM.pdf\">Protokoll<\/a><\/p>\n\n\n\n<p><strong>SM #3 November-SM<\/strong><br><a href=\"https:\/\/www.mitsektionen.se\/wp-content\/uploads\/2017\/02\/Dagordning_November_SM.pdf\">Dagordning<\/a><a href=\"https:\/\/www.mitsektionen.se\/wp-content\/uploads\/2017\/03\/Proposition_Stadeg_ndring.pdf\"><br><\/a><a href=\"https:\/\/www.mitsektionen.se\/wp-content\/uploads\/2016\/11\/motion_vSNO.pdf\">Motion: Vice SNO<\/a><a href=\"https:\/\/www.mitsektionen.se\/wp-content\/uploads\/2017\/03\/Proposition_Stadeg_ndring.pdf\"><br><\/a><a href=\"https:\/\/www.mitsektionen.se\/wp-content\/uploads\/2016\/11\/motionssvar_vice_SNO.pdf\">Motionssvar: Vice SNO<\/a><a href=\"https:\/\/www.mitsektionen.se\/wp-content\/uploads\/2017\/03\/Proposition_Stadeg_ndring.pdf\"><br><\/a><a href=\"https:\/\/www.mitsektionen.se\/wp-content\/uploads\/2016\/11\/prop_lokalansvarig_flemingsberg.pdf\">Proposition ang\u00e5ende&nbsp;MAL<\/a><a href=\"https:\/\/www.mitsektionen.se\/wp-content\/uploads\/2017\/03\/Proposition_Stadeg_ndring.pdf\"><br><\/a><a href=\"https:\/\/www.mitsektionen.se\/wp-content\/uploads\/2016\/11\/prop_internationellt_ansvarig.pdf\">Proposition ang\u00e5ende Internationellt ansvarig<br><\/a><a href=\"https:\/\/www.mitsektionen.se\/wp-content\/uploads\/2016\/12\/Protokoll-November-SM.pdf\">Protokoll<\/a><\/p>\n\n\n\n<p><strong>SM #2 September-SM<\/strong><br><a href=\"https:\/\/www.mitsektionen.se\/wp-content\/uploads\/2016\/09\/dagordnSM2.pdf\">Dagordning<br><\/a><a href=\"https:\/\/www.mitsektionen.se\/wp-content\/uploads\/2016\/10\/Protokoll-September-SM.pdf\">Protokoll<\/a><\/p>\n\n\n\n<p><strong>SM #1 Maj-SM<\/strong><br><a href=\"https:\/\/www.mitsektionen.se\/wp-content\/uploads\/2016\/05\/Kallellse-maj-sm.pdf\">Kallelse<br><\/a><a href=\"https:\/\/www.mitsektionen.se\/wp-content\/uploads\/2016\/05\/Maj-SM.pdf\">Dagordning<\/a><br><a href=\"https:\/\/www.mitsektionen.se\/wp-content\/uploads\/2016\/06\/Versamhetsplan_16_17.pdf\">Verksamhetsplan<\/a><br><a href=\"https:\/\/www.mitsektionen.se\/wp-content\/uploads\/2016\/06\/SM1-3.pdf\">Protokoll<\/a><\/p>\n\n\n\n<h4 class=\"wp-block-heading\">2015\/2016<\/h4>\n\n\n\n<p><strong>SM #4 (Val-SM)<\/strong><br><a href=\"https:\/\/www.mitsektionen.se\/wp-content\/uploads\/2016\/03\/kallelse_ValSM.pdf\">Kallelse<\/a><br><a href=\"https:\/\/www.mitsektionen.se\/wp-content\/uploads\/2016\/03\/Dagordning-Val-SM.pdf\">Dagordning<\/a><br><a href=\"\/en\/a href=\/\">Proposition ang\u00e5ende sektionsf\u00e4rg (andra genomr\u00f6stningen)<\/a><br><a href=\"https:\/\/www.mitsektionen.se\/wp-content\/uploads\/2016\/05\/Val.SM-protokoll.pdf\">protokoll<\/a><\/p>\n\n\n\n<p><strong>SM #3 (November-SM)<\/strong><br><a href=\"https:\/\/www.mitsektionen.se\/wp-content\/uploads\/2015\/02\/Dagordning-nov-SM.pdf\">Dagordning<\/a><br><a href=\"https:\/\/www.mitsektionen.se\/wp-content\/uploads\/2015\/03\/SM-November.pdf\">Protokoll<\/a><br><a href=\"https:\/\/www.mitsektionen.se\/wp-content\/uploads\/2015\/03\/Prop_gammal_colour.pdf\">F\u00f6rra propositionen ang\u00e5ende sektionsf\u00e4rg<\/a><br><a href=\"https:\/\/www.mitsektionen.se\/wp-content\/uploads\/2015\/03\/Prop_sektionsf\u00e4rg_ny.pdf\">Nya propositionen ang\u00e5ende sektionsf\u00e4rg<\/a><br><a href=\"https:\/\/www.mitsektionen.se\/wp-content\/uploads\/2015\/03\/Prop_revisor.pdf\">Proposition ang\u00e5ende revisorer<\/a><br><a href=\"https:\/\/www.mitsektionen.se\/wp-content\/uploads\/2015\/02\/Prop_\u00f6vriga-f\u00f6reskrifter.pdf\">Proposition ang\u00e5ende \u00f6vriga f\u00f6reskrifter<br><\/a><a href=\"https:\/\/www.mitsektionen.se\/wp-content\/uploads\/2015\/02\/PM-f\u00f6r-avtalshantering.pdf\">PM f\u00f6r avtalshantering<\/a><a href=\"https:\/\/www.mitsektionen.se\/wp-content\/uploads\/2015\/02\/Prop_\u00f6vriga-f\u00f6reskrifter.pdf\"><br><\/a><a href=\"https:\/\/www.mitsektionen.se\/wp-content\/uploads\/2015\/02\/Motion-ang\u00e5ende-Den-lille-testaren.pdf\">Motion ang\u00e5ende Den lille testaren<\/a><a href=\"https:\/\/www.mitsektionen.se\/wp-content\/uploads\/2015\/02\/Prop_\u00f6vriga-f\u00f6reskrifter.pdf\"><br><\/a><a href=\"https:\/\/www.mitsektionen.se\/wp-content\/uploads\/2015\/02\/Motionssvar-Den-lille-testaren.pdf\">Motionssvar: Den lille testaren<\/a><a href=\"https:\/\/www.mitsektionen.se\/wp-content\/uploads\/2015\/02\/Prop_\u00f6vriga-f\u00f6reskrifter.pdf\"><br><\/a><a href=\"https:\/\/www.mitsektionen.se\/wp-content\/uploads\/2015\/02\/Motion-ang\u00e5ende-pengar-till-s\u00e5ngbok-och-releasefest.pdf\">Motion ang\u00e5ende Pengar till s\u00e5ngbok och releasefest<\/a><a href=\"https:\/\/www.mitsektionen.se\/wp-content\/uploads\/2015\/02\/Prop_\u00f6vriga-f\u00f6reskrifter.pdf\"><br><\/a><a href=\"https:\/\/www.mitsektionen.se\/wp-content\/uploads\/2015\/02\/Motionssvar-Pengar-till-s\u00e5ngbok-och-releasefest.pdf\">Motionssvar: Pengar till s\u00e5ngbok och releasefest<\/a><\/p>\n\n\n\n<p><strong>SM #2 (September-SM)<\/strong><br><a href=\"https:\/\/www.mitsektionen.se\/wp-content\/uploads\/2015\/02\/Dagordning-SM-mall.pdf\">Dagordning<\/a><br><a href=\"https:\/\/www.mitsektionen.se\/wp-content\/uploads\/2015\/03\/Septemeber-SM-protokoll.pdf\">Protokoll<\/a><\/p>\n\n\n\n<p><strong>SM #1 (Maj-SM)<\/strong><br><a href=\"https:\/\/www.mitsektionen.se\/wp-content\/uploads\/2015\/05\/kallelse_SM-1.pdf\">Kallelse<\/a><br><a href=\"https:\/\/www.mitsektionen.se\/wp-content\/uploads\/2015\/05\/Dagordning-2015-05-19.pdf\">Dagordning<\/a><br><a href=\"https:\/\/www.mitsektionen.se\/wp-content\/uploads\/2015\/06\/Protokoll_SM1_2015_05_19.pdf\">Protokoll<\/a><br><a href=\"https:\/\/www.mitsektionen.se\/wp-content\/uploads\/2015\/05\/Proposition-revisorer.pdf\">Proposition ang\u00e5ende revisorer<\/a><br><a href=\"https:\/\/www.mitsektionen.se\/wp-content\/uploads\/2015\/05\/Motion-stafettvasan.pdf\">Motion ang\u00e5ende StafettVasan<\/a><br><a href=\"https:\/\/www.mitsektionen.se\/wp-content\/uploads\/2015\/05\/Motionssvar_StafettVasan.pdf\">Motionssvar ang\u00e5ende StafettVasan<\/a><br><a href=\"https:\/\/www.mitsektionen.se\/wp-content\/uploads\/2015\/05\/Sammanst\u00e4llning-budget-14-15.pdf\">Sammanst\u00e4llning budget 14-15<\/a><br><a href=\"https:\/\/www.mitsektionen.se\/wp-content\/uploads\/2015\/05\/Budget-15-16.pdf\">Budget 15-16<\/a><br><a href=\"https:\/\/www.mitsektionen.se\/wp-content\/uploads\/2015\/05\/Verksamhetsplan-15-16.pdf\">Verksamhetsplan 15-16<\/a><\/p>\n\n\n\n<h4 class=\"wp-block-heading\">2014\/2015<\/h4>\n\n\n\n<p><strong>SM #5 (Val-SM)<\/strong><br><a href=\"https:\/\/www.mitsektionen.se\/wp-content\/uploads\/2015\/03\/kallelseVal-SM.pdf\">Kallelse<\/a><br><a href=\"https:\/\/www.mitsektionen.se\/wp-content\/uploads\/2015\/05\/Protokoll_ValSM_2015_03_26.pdf\">Protokoll<\/a><br><a href=\"https:\/\/www.mitsektionen.se\/wp-content\/uploads\/2015\/03\/Dagordning_ValSM.pdf\">Dagordning<\/a><br><a href=\"https:\/\/www.mitsektionen.se\/wp-content\/uploads\/2015\/03\/Prop-ang-infoansvarig.pdf\">Proposition ang\u00e5ende Informationsansvarig<\/a><br><a href=\"https:\/\/www.mitsektionen.se\/wp-content\/uploads\/2015\/03\/Proposition-ang\u00e5ende-stadgar.pdf\">Proposition ang\u00e5ende Stadgar<\/a><br><a href=\"https:\/\/www.mitsektionen.se\/wp-content\/uploads\/2015\/03\/Proposition-ang\u00e5ende-reglemente.pdf\">Proposition ang\u00e5ende Reglemente<\/a><br><a href=\"https:\/\/www.mitsektionen.se\/wp-content\/uploads\/2015\/03\/Proposition-ang\u00e5ende-Isvaran.pdf\">Proposition ang\u00e5ende Isvaran<\/a><br><a href=\"https:\/\/www.mitsektionen.se\/wp-content\/uploads\/2015\/03\/RIKTIGA_REGLEMENTET_upptaderad20150323.pdf\">Uppdaterad version av Reglemente<\/a><br><a href=\"https:\/\/www.mitsektionen.se\/wp-content\/uploads\/2015\/03\/GammaltReglemente_20150206.pdf\">\u00c4ldre version av Reglemente<\/a><br><a href=\"https:\/\/www.mitsektionen.se\/wp-content\/uploads\/2015\/03\/nyastadgar20150324.pdf\">Uppdaterad version av Stadgar<\/a><br><a href=\"https:\/\/www.mitsektionen.se\/wp-content\/uploads\/2015\/02\/Gamla_stadgar_20130815.pdf\">\u00c4ldre version av Stadgar<\/a><\/p>\n\n\n\n<p><strong>SM #4 (Extra-SM)<\/strong><br><a href=\"https:\/\/www.mitsektionen.se\/wp-content\/uploads\/2015\/02\/kallelse.pdf\">Kallelse<\/a><br><a href=\"https:\/\/www.mitsektionen.se\/wp-content\/uploads\/2015\/02\/Dagordning-SM4.pdf\">Dagordning<\/a><br><a href=\"https:\/\/www.mitsektionen.se\/wp-content\/uploads\/2015\/02\/ProtokollSM4_2015_02_09.pdf\">Protokoll<\/a><br><a href=\"https:\/\/www.mitsektionen.se\/wp-content\/uploads\/2015\/02\/Proposition-ang\u00e5ende-JML-ansvarig.pdf\">Proposition ang\u00e5ende JML-ansvarig<\/a><br><a href=\"https:\/\/www.mitsektionen.se\/wp-content\/uploads\/2015\/02\/Proposition-ang\u00e5ende-FOF.pdf\">Proposition ang\u00e5ende FOF<\/a><br><a href=\"https:\/\/www.mitsektionen.se\/wp-content\/uploads\/2015\/02\/Proposition-ang\u00e5ende-stadgar.pdf\">Proposition ang\u00e5ende Stadgar<\/a><br><a href=\"https:\/\/www.mitsektionen.se\/wp-content\/uploads\/2015\/02\/Proposition-ang\u00e5ende-reglemente.pdf\">Proposition ang\u00e5ende Reglemente<\/a><br><a href=\"https:\/\/www.mitsektionen.se\/wp-content\/uploads\/2015\/02\/Gamla_stadgar_20130815.pdf\">Gamla Stadgar<\/a><br><a href=\"https:\/\/www.mitsektionen.se\/wp-content\/uploads\/2015\/02\/RIKTIGA_Stadgar_20150204.pdf\">Uppdaterad version av Stadgar<\/a><br><a href=\"https:\/\/www.mitsektionen.se\/wp-content\/uploads\/2015\/02\/Gamla_Reglemente_20130926.pdf\">Gammalt Reglemente<\/a><br><a href=\"https:\/\/www.mitsektionen.se\/wp-content\/uploads\/2015\/02\/RIKTIGA_Reglemente_20150206.pdf\">Uppdaterad version av Reglemente<\/a><\/p>\n\n\n\n<p><strong>SM #3 (November-SM)<\/strong><br><a href=\"https:\/\/www.mitsektionen.se\/wp-content\/uploads\/2014\/10\/kallelse.pdf\">Kallelse<\/a><br><a href=\"https:\/\/www.mitsektionen.se\/wp-content\/uploads\/2014\/11\/dagordning121114_2.pdf\">Dagordning<\/a><br><a href=\"https:\/\/www.mitsektionen.se\/wp-content\/uploads\/2014\/11\/proposition_ang_PAS_2.pdf\">Proposition ang\u00e5ende PAS<\/a><br><a href=\"https:\/\/www.mitsektionen.se\/wp-content\/uploads\/2014\/11\/SBK16_2.pdf\">Proposition ang\u00e5ende SBK<\/a><br><a href=\"https:\/\/www.mitsektionen.se\/wp-content\/uploads\/2014\/11\/Protokoll-NovemberSM-2014_11_12.pdf\">Protokoll<\/a><\/p>\n\n\n\n<p><strong>SM #2 (September-SM)<\/strong><br><a style=\"font-size: 13px;\" href=\"https:\/\/www.mitsektionen.se\/wp-content\/uploads\/2014\/10\/Kallelse_SM_140924.pdf\">Kallelse<br><\/a><a style=\"font-size: 13px;\" href=\"https:\/\/www.mitsektionen.se\/wp-content\/uploads\/2014\/10\/Uppdaterad-dagordning-inkl-Rapporter.pdf\">Dagordning<\/a><br><a href=\"https:\/\/www.mitsektionen.se\/wp-content\/uploads\/2014\/10\/hedersutmarkelse.pdf\">Proposition ang\u00e5ende hedersutm\u00e4rkelse<\/a><br><a href=\"https:\/\/www.mitsektionen.se\/wp-content\/uploads\/2014\/11\/September-SM_2014_09_24.pdf\">Protokoll<\/a><\/p>\n\n\n\n<p><strong>SM #1 (Budget-SM)<\/strong><br><a href=\"https:\/\/www.mitsektionen.se\/wp-content\/uploads\/2014\/05\/kallelseBudget-SM.pdf\">Kallelse<\/a><br><a href=\"https:\/\/www.mitsektionen.se\/wp-content\/uploads\/2014\/05\/ver_3_2014DagordningBudgetSM.pdf\">Dagordning<\/a><br><a href=\"https:\/\/www.mitsektionen.se\/wp-content\/uploads\/2014\/10\/Proposition-k\u00e4llarm\u00e4stare-lokalr\u00e5d.pdf\">Proposition ang\u00e5ende k\u00e4llarm\u00e4stare p\u00e5 lokalr\u00e5d<\/a><br><a href=\"https:\/\/www.mitsektionen.se\/wp-content\/uploads\/2014\/05\/Budget14-15-5.pdf\">Budget 2014\/2015<\/a><br><a href=\"https:\/\/www.mitsektionen.se\/wp-content\/uploads\/2014\/05\/Visioner-och-m\u00e5l.pdf\">Verksamhetsplan: Visioner och m\u00e5l<\/a><br><a href=\"https:\/\/www.mitsektionen.se\/wp-content\/uploads\/2014\/05\/Budget-SM_protokoll_SLUTVERSION.pdf\">Protokoll<\/a><\/p>\n\n\n\n<h4 class=\"wp-block-heading\">2013\/2014<\/h4>\n\n\n\n<p><strong>SM #4 (Val-SM)<\/strong><br><a href=\"https:\/\/www.mitsektionen.se\/wp-content\/uploads\/2014\/04\/Kallalse-VAL-SM.pdf\">Kallelse<\/a><br><a href=\"https:\/\/www.mitsektionen.se\/wp-content\/uploads\/2014\/04\/DagordningValSM.pdf\">Dagordning<\/a><br><a href=\"https:\/\/www.mitsektionen.se\/wp-content\/uploads\/2014\/04\/proposition_ang_ettans_post_tillika_appendix.pdf\">Proposition ang\u00e5ende Ettans post<\/a><br><a href=\"https:\/\/www.mitsektionen.se\/wp-content\/uploads\/2014\/04\/proposition_ang_kallarmastare.pdf\">Proposition ang\u00e5ende K\u00e4llarm\u00e4stare<\/a><br><a href=\"https:\/\/www.mitsektionen.se\/wp-content\/uploads\/2014\/04\/Proposition-inf\u00f6r-SM-Valberedningen.docx\">Proposition ang\u00e5ende Valberedningen<\/a><br><a href=\"https:\/\/www.mitsektionen.se\/wp-content\/uploads\/2014\/04\/Motion-ang\u00e5ende-studien\u00e4mndsmedlemmar-p\u00e5-funq.docx\">Motion ang\u00e5ende studien\u00e4mndsmedlemmar p\u00e5 funq<\/a><br><a href=\"https:\/\/www.mitsektionen.se\/wp-content\/uploads\/2014\/04\/motionssvar.pdf\">Styrelsens svar<\/a><\/p>\n\n\n\n<p><strong>SM #3 (November-SM)<\/strong><br><a href=\"https:\/\/www.mitsektionen.se\/wp-content\/uploads\/2013\/11\/KallelseSM32.pdf\">Kallelse<\/a><br><a href=\"https:\/\/www.mitsektionen.se\/wp-content\/uploads\/2013\/11\/DagordningNovemberSM1.pdf\">Dagordning<\/a><br><a href=\"https:\/\/www.mitsektionen.se\/wp-content\/uploads\/2013\/12\/NovemberSM.pdf\">Protokoll<\/a><\/p>\n\n\n\n<p><strong>SM #2 (Oktober-SM)<\/strong><br><a href=\"https:\/\/www.mitsektionen.se\/wp-content\/uploads\/2013\/09\/kallelsesmoktober1.pdf\">Kallelse<\/a><br><a href=\"https:\/\/www.mitsektionen.se\/wp-content\/uploads\/2013\/10\/DagordningOktoberSM.pdf\">Dagordning f\u00f6r Oktober-SM<\/a><br><a href=\"https:\/\/www.mitsektionen.se\/wp-content\/uploads\/2013\/10\/Budget20132014.pdf\">Budget-uppdaterad<\/a><br><a href=\"https:\/\/www.mitsektionen.se\/wp-content\/uploads\/2013\/10\/Proposition-KF.pdf\">Proposition ang\u00e5ende KF-ledam\u00f6ter i PNS<\/a><br><a href=\"https:\/\/www.mitsektionen.se\/wp-content\/uploads\/2013\/10\/Proposition-2.pdf\">Proposition ang\u00e5ende namntill\u00e4gg i styrelsen<\/a><br><a href=\"https:\/\/www.mitsektionen.se\/wp-content\/uploads\/2013\/10\/uppskattnings_proposition-1.pdf\">Proposition ang\u00e5ende uppskattning<\/a><\/p>\n\n\n\n<p><strong>SM #1 (Budget-SM)<\/strong><br><a href=\"https:\/\/www.mitsektionen.se\/wp-content\/uploads\/2013\/09\/sektionsmotenumero1.pdf\">Protokoll<\/a><br><a href=\"https:\/\/www.mitsektionen.se\/wp-content\/uploads\/2013\/05\/SM130516.pdf\">Kallelse<\/a><br><a href=\"https:\/\/www.mitsektionen.se\/wp-content\/uploads\/2013\/05\/DagordningBudgetSM.pdf\">Dagordning f\u00f6r Budget-SM 2013<\/a><br><a href=\"https:\/\/www.mitsektionen.se\/wp-content\/uploads\/2013\/05\/Budget2013-2014.pdf\">Budget 2013\/2014<\/a><br><a href=\"https:\/\/www.mitsektionen.se\/wp-content\/uploads\/2013\/05\/Visionerochmal.pdf\">Visioner och m\u00e5l<\/a><\/p>\n\n\n\n<h4 class=\"wp-block-heading\">2012\/2013<\/h4>\n\n\n\n<p><strong>V\u00e5r-SM<\/strong><br><a href=\"https:\/\/www.mitsektionen.se\/wp-content\/uploads\/2013\/04\/Sektionsm\u00f6tenumero3.pdf\">Protokoll<\/a><br><a href=\"https:\/\/www.mitsektionen.se\/wp-content\/uploads\/2013\/03\/SM-130410.pdf\" target=\"_blank\" rel=\"noopener noreferrer\">Kallelse<\/a><br><a href=\"https:\/\/www.mitsektionen.se\/wp-content\/uploads\/2013\/04\/DagordningV\u00e5r-SM.pdf\" target=\"_blank\" rel=\"noopener noreferrer\">Dagordning<\/a><br><a href=\"https:\/\/www.mitsektionen.se\/wp-content\/uploads\/2013\/04\/DagordningV\u00e5r-SM-2.pdf\" target=\"_blank\" rel=\"noopener noreferrer\">Kompletterande dagordning<\/a><br><a href=\"https:\/\/www.mitsektionen.se\/en\/?attachment_id=1932\" target=\"_blank\" rel=\"noopener noreferrer\">Proposition ang\u00e5ende alumni<\/a><br><a href=\"https:\/\/www.mitsektionen.se\/wp-content\/uploads\/2013\/04\/reglemente1.pdf\" target=\"_blank\" rel=\"noopener noreferrer\">Proposition ang\u00e5ende reglemente<\/a><br><a href=\"https:\/\/www.mitsektionen.se\/wp-content\/uploads\/2013\/04\/webmaster1.pdf\" target=\"_blank\" rel=\"noopener noreferrer\">Proposition ang\u00e5ende webmaster<\/a><br><a href=\"https:\/\/www.mitsektionen.se\/wp-content\/uploads\/2013\/04\/hedersmedlemmar1.pdf\" target=\"_blank\" rel=\"noopener noreferrer\"> Proposition ang\u00e5ende hedersmedlemmar<\/a><br><a href=\"https:\/\/www.mitsektionen.se\/wp-content\/uploads\/2013\/04\/parlamentariker1.pdf\" target=\"_blank\" rel=\"noopener noreferrer\">Proposition ang\u00e5ende parlamentariker<\/a><br><a href=\"https:\/\/www.mitsektionen.se\/wp-content\/uploads\/2013\/04\/stadgar2.pdf\" target=\"_blank\" rel=\"noopener noreferrer\">Proposition ang\u00e5ende stadgar<\/a><br><a href=\"https:\/\/www.mitsektionen.se\/wp-content\/uploads\/2013\/04\/Proposition-ang-valberedningen-I1.pdf\">Proposition ang\u00e5ende valberedning I<\/a><br><a href=\"https:\/\/www.mitsektionen.se\/en\/?attachment_id=1937\" target=\"_blank\" rel=\"noopener noreferrer\">Proposition ang\u00e5ende valberedning II<\/a><br><a href=\"https:\/\/www.mitsektionen.se\/wp-content\/uploads\/2012\/11\/motion_styrelseuppbyggnad.pdf\" target=\"_blank\" rel=\"noopener noreferrer\">Motion ang\u00e5ende styrelsens uppbyggnad<\/a> &#8211; endast att-sats 3 ska behandlas<br><a href=\"https:\/\/www.mitsektionen.se\/wp-content\/uploads\/2012\/11\/Motion-Namn.pdf\" target=\"_blank\" rel=\"noopener noreferrer\">Motion ang\u00e5ende namnbyte p\u00e5 sektionen<\/a><\/p>\n\n\n\n<p><strong>H\u00f6st-SM<\/strong><br><a href=\"https:\/\/www.mitsektionen.se\/wp-content\/uploads\/2012\/10\/SM121107.pdf\" target=\"_blank\" rel=\"noopener noreferrer\">Kallelse<\/a><br><a href=\"https:\/\/www.mitsektionen.se\/wp-content\/uploads\/2012\/11\/sektionsm%C3%B6tenumero2.pdf\" target=\"_blank\" rel=\"noopener noreferrer\">Protokoll<\/a><br><a href=\"https:\/\/www.mitsektionen.se\/en\/?p=1473\" target=\"_blank\" rel=\"noopener noreferrer\">\u00d6vriga Handlingar<\/a><\/p>\n\n\n\n<h4 class=\"wp-block-heading\">2011\/2012<\/h4>\n\n\n\n<p><strong>V\u00e5r-SM<\/strong><br><a title=\"Protokoll fr\u00e5n V\u00e5r-SM\" href=\"https:\/\/www.mitsektionen.se\/wp-content\/uploads\/2012\/04\/sektionsm%C3%B6tenumero2.pdf\" target=\"_blank\" rel=\"noopener noreferrer\">Protokoll<\/a><\/p>\n\n\n\n<p><strong>H\u00f6st-SM<\/strong><br><a title=\"Protokoll fr\u00e5n H\u00f6st-SM\" href=\"https:\/\/www.mitsektionen.se\/wp-content\/uploads\/2011\/11\/sektionsm%C3%B6tejusterat.pdf\" target=\"_blank\" rel=\"noopener noreferrer\">Protokoll<\/a><\/p>","protected":false},"excerpt":{"rendered":"<p>H\u00e4r finns handlingar fr\u00e5n sektionsm\u00f6ten att tillg\u00e5: 2026\/2027 SM#1 (Budget-SM) Kallelse 2025\/2026 Val-SM (SM#4) Kallelse Dagordning Proposition ang\u00e5ende Inf\u00f6randet av Per Capsulam-beslut Motion ang\u00e5ende inf\u00f6rande av PM f\u00f6r J\u00e4mlikhet, m\u00e5ngfald och lika villkor PM f\u00f6r J\u00e4mlikhet, m\u00e5ngfald och lika villkor Motionssvar ang\u00e5ende inf\u00f6rande av PM f\u00f6r J\u00e4mlikhet, m\u00e5ngfald och lika villkor \u00c5rets Kamrat Kandidatlista Protokoll&nbsp;&hellip;<\/p>","protected":false},"author":5,"featured_media":0,"parent":4189,"menu_order":1,"comment_status":"closed","ping_status":"closed","template":"","meta":{"footnotes":""},"class_list":["post-189","page","type-page","status-publish","hentry"],"yoast_head":"<!-- This site is optimized with the Yoast SEO plugin v27.4 - https:\/\/yoast.com\/product\/yoast-seo-wordpress\/ -->\n<title>Sektionsm\u00f6ten - Sektionen f\u00f6r Medicinsk Teknik<\/title>\n<meta name=\"robots\" content=\"index, follow, max-snippet:-1, max-image-preview:large, max-video-preview:-1\" \/>\n<link rel=\"canonical\" href=\"https:\/\/www.mitsektionen.se\/en\/dokument\/sektionsmoten\/\" \/>\n<meta property=\"og:locale\" content=\"en_US\" \/>\n<meta property=\"og:type\" content=\"article\" \/>\n<meta property=\"og:title\" content=\"Sektionsm\u00f6ten - Sektionen f\u00f6r Medicinsk Teknik\" \/>\n<meta property=\"og:description\" content=\"H\u00e4r finns handlingar fr\u00e5n sektionsm\u00f6ten att tillg\u00e5: 2026\/2027 SM#1 (Budget-SM) Kallelse 2025\/2026 Val-SM (SM#4) Kallelse Dagordning Proposition ang\u00e5ende Inf\u00f6randet av Per Capsulam-beslut Motion ang\u00e5ende inf\u00f6rande av PM f\u00f6r J\u00e4mlikhet, m\u00e5ngfald och lika villkor PM f\u00f6r J\u00e4mlikhet, m\u00e5ngfald och lika villkor Motionssvar ang\u00e5ende inf\u00f6rande av PM f\u00f6r J\u00e4mlikhet, m\u00e5ngfald och lika villkor \u00c5rets Kamrat Kandidatlista Protokoll&nbsp;&hellip;\" \/>\n<meta property=\"og:url\" content=\"https:\/\/www.mitsektionen.se\/en\/dokument\/sektionsmoten\/\" \/>\n<meta property=\"og:site_name\" content=\"Sektionen f\u00f6r Medicinsk Teknik\" \/>\n<meta property=\"article:publisher\" content=\"https:\/\/www.facebook.com\/profile.php?id=100063481543287\" \/>\n<meta property=\"article:modified_time\" content=\"2026-04-22T11:53:35+00:00\" \/>\n<meta name=\"twitter:card\" content=\"summary_large_image\" \/>\n<meta name=\"twitter:label1\" content=\"Est. reading time\" \/>\n\t<meta name=\"twitter:data1\" content=\"7 minutes\" \/>\n<script type=\"application\/ld+json\" class=\"yoast-schema-graph\">{\"@context\":\"https:\\\/\\\/schema.org\",\"@graph\":[{\"@type\":\"WebPage\",\"@id\":\"https:\\\/\\\/www.mitsektionen.se\\\/dokument\\\/sektionsmoten\\\/\",\"url\":\"https:\\\/\\\/www.mitsektionen.se\\\/dokument\\\/sektionsmoten\\\/\",\"name\":\"Sektionsm\u00f6ten - Sektionen f\u00f6r Medicinsk Teknik\",\"isPartOf\":{\"@id\":\"https:\\\/\\\/www.mitsektionen.se\\\/#website\"},\"datePublished\":\"2011-08-12T16:12:19+00:00\",\"dateModified\":\"2026-04-22T11:53:35+00:00\",\"breadcrumb\":{\"@id\":\"https:\\\/\\\/www.mitsektionen.se\\\/dokument\\\/sektionsmoten\\\/#breadcrumb\"},\"inLanguage\":\"en-US\",\"potentialAction\":[{\"@type\":\"ReadAction\",\"target\":[\"https:\\\/\\\/www.mitsektionen.se\\\/dokument\\\/sektionsmoten\\\/\"]}]},{\"@type\":\"BreadcrumbList\",\"@id\":\"https:\\\/\\\/www.mitsektionen.se\\\/dokument\\\/sektionsmoten\\\/#breadcrumb\",\"itemListElement\":[{\"@type\":\"ListItem\",\"position\":1,\"name\":\"Hem\",\"item\":\"https:\\\/\\\/www.mitsektionen.se\\\/\"},{\"@type\":\"ListItem\",\"position\":2,\"name\":\"Dokument\",\"item\":\"https:\\\/\\\/www.mitsektionen.se\\\/dokument\\\/\"},{\"@type\":\"ListItem\",\"position\":3,\"name\":\"Sektionsm\u00f6ten\"}]},{\"@type\":\"WebSite\",\"@id\":\"https:\\\/\\\/www.mitsektionen.se\\\/#website\",\"url\":\"https:\\\/\\\/www.mitsektionen.se\\\/\",\"name\":\"Sektionen f\u00f6r Medicinsk Teknik\",\"description\":\"MedTech vid KTH\",\"publisher\":{\"@id\":\"https:\\\/\\\/www.mitsektionen.se\\\/#organization\"},\"potentialAction\":[{\"@type\":\"SearchAction\",\"target\":{\"@type\":\"EntryPoint\",\"urlTemplate\":\"https:\\\/\\\/www.mitsektionen.se\\\/?s={search_term_string}\"},\"query-input\":{\"@type\":\"PropertyValueSpecification\",\"valueRequired\":true,\"valueName\":\"search_term_string\"}}],\"inLanguage\":\"en-US\"},{\"@type\":\"Organization\",\"@id\":\"https:\\\/\\\/www.mitsektionen.se\\\/#organization\",\"name\":\"Sektionen f\u00f6r Medicinsk Teknik\",\"url\":\"https:\\\/\\\/www.mitsektionen.se\\\/\",\"logo\":{\"@type\":\"ImageObject\",\"inLanguage\":\"en-US\",\"@id\":\"https:\\\/\\\/www.mitsektionen.se\\\/#\\\/schema\\\/logo\\\/image\\\/\",\"url\":\"https:\\\/\\\/www.mitsektionen.se\\\/wp-content\\\/uploads\\\/2018\\\/05\\\/cropped-loggamit.png\",\"contentUrl\":\"https:\\\/\\\/www.mitsektionen.se\\\/wp-content\\\/uploads\\\/2018\\\/05\\\/cropped-loggamit.png\",\"width\":2361,\"height\":2385,\"caption\":\"Sektionen f\u00f6r Medicinsk Teknik\"},\"image\":{\"@id\":\"https:\\\/\\\/www.mitsektionen.se\\\/#\\\/schema\\\/logo\\\/image\\\/\"},\"sameAs\":[\"https:\\\/\\\/www.facebook.com\\\/profile.php?id=100063481543287\",\"https:\\\/\\\/www.instagram.com\\\/mitsektionen\\\/\",\"https:\\\/\\\/ca.linkedin.com\\\/company\\\/sektionen-fr-medicinsk-teknik\"]}]}<\/script>\n<!-- \/ Yoast SEO plugin. -->","yoast_head_json":{"title":"Sektionsm\u00f6ten - Sektionen f\u00f6r Medicinsk Teknik","robots":{"index":"index","follow":"follow","max-snippet":"max-snippet:-1","max-image-preview":"max-image-preview:large","max-video-preview":"max-video-preview:-1"},"canonical":"https:\/\/www.mitsektionen.se\/en\/dokument\/sektionsmoten\/","og_locale":"en_US","og_type":"article","og_title":"Sektionsm\u00f6ten - Sektionen f\u00f6r Medicinsk Teknik","og_description":"H\u00e4r finns handlingar fr\u00e5n sektionsm\u00f6ten att tillg\u00e5: 2026\/2027 SM#1 (Budget-SM) Kallelse 2025\/2026 Val-SM (SM#4) Kallelse Dagordning Proposition ang\u00e5ende Inf\u00f6randet av Per Capsulam-beslut Motion ang\u00e5ende inf\u00f6rande av PM f\u00f6r J\u00e4mlikhet, m\u00e5ngfald och lika villkor PM f\u00f6r J\u00e4mlikhet, m\u00e5ngfald och lika villkor Motionssvar ang\u00e5ende inf\u00f6rande av PM f\u00f6r J\u00e4mlikhet, m\u00e5ngfald och lika villkor \u00c5rets Kamrat Kandidatlista Protokoll&nbsp;&hellip;","og_url":"https:\/\/www.mitsektionen.se\/en\/dokument\/sektionsmoten\/","og_site_name":"Sektionen f\u00f6r Medicinsk Teknik","article_publisher":"https:\/\/www.facebook.com\/profile.php?id=100063481543287","article_modified_time":"2026-04-22T11:53:35+00:00","twitter_card":"summary_large_image","twitter_misc":{"Est. reading time":"7 minutes"},"schema":{"@context":"https:\/\/schema.org","@graph":[{"@type":"WebPage","@id":"https:\/\/www.mitsektionen.se\/dokument\/sektionsmoten\/","url":"https:\/\/www.mitsektionen.se\/dokument\/sektionsmoten\/","name":"Sektionsm\u00f6ten - Sektionen f\u00f6r Medicinsk Teknik","isPartOf":{"@id":"https:\/\/www.mitsektionen.se\/#website"},"datePublished":"2011-08-12T16:12:19+00:00","dateModified":"2026-04-22T11:53:35+00:00","breadcrumb":{"@id":"https:\/\/www.mitsektionen.se\/dokument\/sektionsmoten\/#breadcrumb"},"inLanguage":"en-US","potentialAction":[{"@type":"ReadAction","target":["https:\/\/www.mitsektionen.se\/dokument\/sektionsmoten\/"]}]},{"@type":"BreadcrumbList","@id":"https:\/\/www.mitsektionen.se\/dokument\/sektionsmoten\/#breadcrumb","itemListElement":[{"@type":"ListItem","position":1,"name":"Hem","item":"https:\/\/www.mitsektionen.se\/"},{"@type":"ListItem","position":2,"name":"Dokument","item":"https:\/\/www.mitsektionen.se\/dokument\/"},{"@type":"ListItem","position":3,"name":"Sektionsm\u00f6ten"}]},{"@type":"WebSite","@id":"https:\/\/www.mitsektionen.se\/#website","url":"https:\/\/www.mitsektionen.se\/","name":"The Chapter of Medical Engineering","description":"MedTech vid KTH","publisher":{"@id":"https:\/\/www.mitsektionen.se\/#organization"},"potentialAction":[{"@type":"SearchAction","target":{"@type":"EntryPoint","urlTemplate":"https:\/\/www.mitsektionen.se\/?s={search_term_string}"},"query-input":{"@type":"PropertyValueSpecification","valueRequired":true,"valueName":"search_term_string"}}],"inLanguage":"en-US"},{"@type":"Organization","@id":"https:\/\/www.mitsektionen.se\/#organization","name":"The Chapter of Medical Engineering","url":"https:\/\/www.mitsektionen.se\/","logo":{"@type":"ImageObject","inLanguage":"en-US","@id":"https:\/\/www.mitsektionen.se\/#\/schema\/logo\/image\/","url":"https:\/\/www.mitsektionen.se\/wp-content\/uploads\/2018\/05\/cropped-loggamit.png","contentUrl":"https:\/\/www.mitsektionen.se\/wp-content\/uploads\/2018\/05\/cropped-loggamit.png","width":2361,"height":2385,"caption":"Sektionen f\u00f6r Medicinsk Teknik"},"image":{"@id":"https:\/\/www.mitsektionen.se\/#\/schema\/logo\/image\/"},"sameAs":["https:\/\/www.facebook.com\/profile.php?id=100063481543287","https:\/\/www.instagram.com\/mitsektionen\/","https:\/\/ca.linkedin.com\/company\/sektionen-fr-medicinsk-teknik"]}]}},"_links":{"self":[{"href":"https:\/\/www.mitsektionen.se\/en\/wp-json\/wp\/v2\/pages\/189","targetHints":{"allow":["GET"]}}],"collection":[{"href":"https:\/\/www.mitsektionen.se\/en\/wp-json\/wp\/v2\/pages"}],"about":[{"href":"https:\/\/www.mitsektionen.se\/en\/wp-json\/wp\/v2\/types\/page"}],"author":[{"embeddable":true,"href":"https:\/\/www.mitsektionen.se\/en\/wp-json\/wp\/v2\/users\/5"}],"replies":[{"embeddable":true,"href":"https:\/\/www.mitsektionen.se\/en\/wp-json\/wp\/v2\/comments?post=189"}],"version-history":[{"count":74,"href":"https:\/\/www.mitsektionen.se\/en\/wp-json\/wp\/v2\/pages\/189\/revisions"}],"predecessor-version":[{"id":14643,"href":"https:\/\/www.mitsektionen.se\/en\/wp-json\/wp\/v2\/pages\/189\/revisions\/14643"}],"up":[{"embeddable":true,"href":"https:\/\/www.mitsektionen.se\/en\/wp-json\/wp\/v2\/pages\/4189"}],"wp:attachment":[{"href":"https:\/\/www.mitsektionen.se\/en\/wp-json\/wp\/v2\/media?parent=189"}],"curies":[{"name":"wp","href":"https:\/\/api.w.org\/{rel}","templated":true}]}}