{"id":4691,"date":"2019-05-25T14:51:38","date_gmt":"2019-05-25T12:51:38","guid":{"rendered":"https:\/\/www.mitsektionen.se\/?page_id=4691"},"modified":"2026-04-22T16:23:25","modified_gmt":"2026-04-22T14:23:25","slug":"aktuella-poster","status":"publish","type":"page","link":"https:\/\/www.mitsektionen.se\/en\/namnder-2\/valnamnden\/aktuella-poster\/","title":{"rendered":"Posts and Candidacy"},"content":{"rendered":"<table style=\"text-align: left; vertical-align: top; height: 508px;\" border=\"0\" width=\"578\">\n<tbody>\n<tr>\n<td colspan=\"3\">\n<h4>Current Available Positions<\/h4>\n<\/td>\n<\/tr>\n<tr>\n<td style=\"text-align: left;\"><strong>V\u00e4ljs: 18<\/strong>:e maj<strong><br \/>S\u00f6k senast: 30<\/strong>:e april<strong><br \/><\/strong><\/td>\n<td style=\"text-align: center;\"><strong>\u00a0\u00a0<\/strong><\/td>\n<td style=\"text-align: center;\"><strong>\u00a0\u00a0<\/strong><\/td>\n<\/tr>\n<tr>\n<td><strong>Poster<\/strong><\/td>\n<td>\u00a0<\/td>\n<td>\u00a0<\/td>\n<\/tr>\n<tr>\n<td style=\"text-align: left;\">\n<ul>\n<li><a href=\"https:\/\/www.mitsektionen.se\/wp-content\/uploads\/2026\/04\/Valbroschyr-Defibrillator-1.pdf\">Defibrillator<\/a><\/li>\n<li><a href=\"https:\/\/www.mitsektionen.se\/wp-content\/uploads\/2026\/02\/Valbroschyr-Mulle-Meck.pdf\">MULLE MECK<\/a><\/li>\n<li><a href=\"https:\/\/www.mitsektionen.se\/wp-content\/uploads\/2026\/02\/Valbroschyr-Ordforande-for-Naringslivsgruppen.pdf\">Chairman of the business committee<\/a><\/li>\n<li><a href=\"https:\/\/www.mitsektionen.se\/wp-content\/uploads\/2026\/02\/Valbroschyr-Revisor.pdf\">Accountant<\/a><\/li>\n<\/ul>\n<\/td>\n<td style=\"text-align: center;\">\u00a0<\/td>\n<td style=\"text-align: center;\">\u00a0<\/td>\n<\/tr>\n<tr>\n<td>\u00a0<\/td>\n<td style=\"text-align: center;\">\u00a0<\/td>\n<td style=\"text-align: center;\">\u00a0<\/td>\n<\/tr>\n<tr>\n<td>\u00a0<\/td>\n<td style=\"text-align: center;\">\u00a0<\/td>\n<td style=\"text-align: center;\">\u00a0<\/td>\n<\/tr>\n<\/tbody>\n<\/table>\n<p><!--more--><\/p>\n<p><!--more--><\/p>\n<p><!--more--><\/p>\n<p><!--more--><\/p>\n<p><!--more--><\/p>\n<p><!--more--><strong style=\"font-size: revert; color: initial;\">Why candidate?<\/strong><\/p>\n<blockquote>\n<p>\"Come on, it will be fun!\" - All volunteers since 2008<\/p>\n<\/blockquote>\n<p>By candidate for a post you will contribute as a member of the chapter to improve the chapter life and study environment for all chapter members.<\/p>\n<p><span style=\"color: #000000;\"><strong>How do I apply?<\/strong><\/span><br \/>En post tills\u00e4tts p\u00e5 ett Sektionsm\u00f6te. Om du vill kandidera till en post och bli behandlad av Valberedningen m\u00e5ste du g\u00f6ra detta innan Valberedningens s\u00f6kstopp som \u00e4r 14 dagar innan m\u00f6tet. F\u00f6r att bli behandlad av Valberedningen kan du antingen:<\/p>\n<ul>\n<li>Contact any of the members of the Election Committee or<\/li>\n<li>Write an email to <a href=\"mailto:val-mit@ths.kth.se\">val-mit@ths.kth.se<\/a> eller skicka ett Instagram\u00a0DM p\u00e5 <a href=\"https:\/\/www.instagram.com\/mit_valberedning\/?hl=en\">@mit_valberedning<\/a><\/li>\n<\/ul>\n<p>If you for any reason do not want to or do not have the possibility to be processed by the election committee, you can also candidate during the chapter meeting.<\/p>\n<p><span style=\"color: #000000;\"><strong>How is the election process carried through?<\/strong><\/span><br \/>Valberedningen kommer att g\u00e5 igenom och behandla samtliga kandidater som kandiderat och\/eller tackat ja till en nominering innan s\u00f6kstopp. Du som kandidat kommer d\u00e5 att att bli inkallad p\u00e5 intervju med n\u00e5gon i Valberedningen d\u00e4r du kommer f\u00e5 svara p\u00e5 ett antal standardiserade fr\u00e5gor.<\/p>\n<p>We will also talk about what will be expected of you at the chapter meeting and how you can prepare yourself for it.<\/p>\n<p>Valberedningen kommer sedan skriva ett utl\u00e5tande om varje kandidat som ska presenteras p\u00e5 m\u00f6tet, s\u00e5som huruvida man funnit kandidaten l\u00e4mplig f\u00f6r posten. Under m\u00f6tet kommer du som kandidat ha m\u00f6jlighet att svara p\u00e5 eventuella fr\u00e5gor innan man efter en diskussion g\u00e5r till beslut.<\/p>\n\n\n<div data-wp-interactive=\"core\/file\" class=\"wp-block-file\"><object data-wp-bind--hidden=\"!state.hasPdfPreview\" hidden class=\"wp-block-file__embed\" data=\"https:\/\/www.mitsektionen.se\/wp-content\/uploads\/2026\/02\/Valbroschyr-Mulle-Meck.pdf\" type=\"application\/pdf\" style=\"width:100%;height:600px\" aria-label=\"Embed of Valbroschyr Mulle Meck.\"><\/object><a id=\"wp-block-file--media-6d3750b3-e127-4fc9-8364-8a510523f692\" href=\"https:\/\/www.mitsektionen.se\/wp-content\/uploads\/2026\/02\/Valbroschyr-Mulle-Meck.pdf\">Valbroschyr Mulle Meck<\/a><a href=\"https:\/\/www.mitsektionen.se\/wp-content\/uploads\/2026\/02\/Valbroschyr-Mulle-Meck.pdf\" class=\"wp-block-file__button wp-element-button\" download aria-describedby=\"wp-block-file--media-6d3750b3-e127-4fc9-8364-8a510523f692\">Ladda ner<\/a><\/div>\n\n\n\n<div data-wp-interactive=\"core\/file\" class=\"wp-block-file\"><object data-wp-bind--hidden=\"!state.hasPdfPreview\" hidden class=\"wp-block-file__embed\" data=\"https:\/\/www.mitsektionen.se\/wp-content\/uploads\/2026\/02\/Valbroschyr-Ordforande-for-Naringslivsgruppen.pdf\" type=\"application\/pdf\" style=\"width:100%;height:600px\" aria-label=\"Embed of Valbroschyr Ordf\u00f6rande f\u00f6r N\u00e4ringslivsgruppen.\"><\/object><a id=\"wp-block-file--media-a6c2245a-ec6c-4852-a77c-f41b45d36474\" href=\"https:\/\/www.mitsektionen.se\/wp-content\/uploads\/2026\/02\/Valbroschyr-Ordforande-for-Naringslivsgruppen.pdf\">Valbroschyr Ordf\u00f6rande f\u00f6r N\u00e4ringslivsgruppen<\/a><a href=\"https:\/\/www.mitsektionen.se\/wp-content\/uploads\/2026\/02\/Valbroschyr-Ordforande-for-Naringslivsgruppen.pdf\" class=\"wp-block-file__button wp-element-button\" download aria-describedby=\"wp-block-file--media-a6c2245a-ec6c-4852-a77c-f41b45d36474\">Ladda ner<\/a><\/div>\n\n\n\n<div data-wp-interactive=\"core\/file\" class=\"wp-block-file\"><object data-wp-bind--hidden=\"!state.hasPdfPreview\" hidden class=\"wp-block-file__embed\" data=\"https:\/\/www.mitsektionen.se\/wp-content\/uploads\/2026\/02\/Valbroschyr-Revisor.pdf\" type=\"application\/pdf\" style=\"width:100%;height:600px\" aria-label=\"Embed of Valbroschyr Revisor.\"><\/object><a id=\"wp-block-file--media-d41201d0-fd9b-435e-97c2-f77343c27aa5\" href=\"https:\/\/www.mitsektionen.se\/wp-content\/uploads\/2026\/02\/Valbroschyr-Revisor.pdf\">Valbroschyr Revisor<\/a><a href=\"https:\/\/www.mitsektionen.se\/wp-content\/uploads\/2026\/02\/Valbroschyr-Revisor.pdf\" class=\"wp-block-file__button wp-element-button\" download aria-describedby=\"wp-block-file--media-d41201d0-fd9b-435e-97c2-f77343c27aa5\">Ladda ner<\/a><\/div>\n\n\n\n<div data-wp-interactive=\"core\/file\" class=\"wp-block-file\"><object data-wp-bind--hidden=\"!state.hasPdfPreview\" hidden class=\"wp-block-file__embed\" data=\"https:\/\/www.mitsektionen.se\/wp-content\/uploads\/2026\/04\/Valbroschyr-Defibrillator-1.pdf\" type=\"application\/pdf\" style=\"width:100%;height:600px\" aria-label=\"Embed of Valbroschyr Defibrillator (1).\"><\/object><a id=\"wp-block-file--media-a2d1d98d-ed36-463e-96e1-904666fa39db\" href=\"https:\/\/www.mitsektionen.se\/wp-content\/uploads\/2026\/04\/Valbroschyr-Defibrillator-1.pdf\">Valbroschyr Defibrillator (1)<\/a><a href=\"https:\/\/www.mitsektionen.se\/wp-content\/uploads\/2026\/04\/Valbroschyr-Defibrillator-1.pdf\" class=\"wp-block-file__button wp-element-button\" download aria-describedby=\"wp-block-file--media-a2d1d98d-ed36-463e-96e1-904666fa39db\">Ladda ner<\/a><\/div>\n\n\n\n<p><\/p>","protected":false},"excerpt":{"rendered":"<p>Aktuella poster V\u00e4ljs: 18:e majS\u00f6k senast: 30:e april \u00a0\u00a0 \u00a0\u00a0 Poster \u00a0 \u00a0 Defibrillator MULLE MECK Ordf\u00f6rande f\u00f6r N\u00e4ringslivsgruppen Revisor \u00a0 \u00a0 \u00a0 \u00a0 \u00a0 \u00a0 \u00a0 \u00a0<\/p>","protected":false},"author":17,"featured_media":0,"parent":128,"menu_order":0,"comment_status":"closed","ping_status":"closed","template":"","meta":{"footnotes":""},"class_list":["post-4691","page","type-page","status-publish","hentry"],"yoast_head":"<!-- This site is optimized with the Yoast SEO plugin v27.4 - https:\/\/yoast.com\/product\/yoast-seo-wordpress\/ -->\n<title>Poster och kandidatur - Sektionen f\u00f6r Medicinsk Teknik<\/title>\n<meta name=\"robots\" content=\"index, follow, max-snippet:-1, max-image-preview:large, max-video-preview:-1\" \/>\n<link rel=\"canonical\" href=\"https:\/\/www.mitsektionen.se\/en\/namnder-2\/valnamnden\/aktuella-poster\/\" \/>\n<meta property=\"og:locale\" content=\"en_US\" \/>\n<meta property=\"og:type\" content=\"article\" \/>\n<meta property=\"og:title\" content=\"Poster och kandidatur - Sektionen f\u00f6r Medicinsk Teknik\" \/>\n<meta property=\"og:description\" content=\"Aktuella poster V\u00e4ljs: 18:e majS\u00f6k senast: 30:e april \u00a0\u00a0 \u00a0\u00a0 Poster \u00a0 \u00a0 Defibrillator MULLE MECK Ordf\u00f6rande f\u00f6r N\u00e4ringslivsgruppen Revisor \u00a0 \u00a0 \u00a0 \u00a0 \u00a0 \u00a0 \u00a0 \u00a0\" \/>\n<meta property=\"og:url\" content=\"https:\/\/www.mitsektionen.se\/en\/namnder-2\/valnamnden\/aktuella-poster\/\" \/>\n<meta property=\"og:site_name\" content=\"Sektionen f\u00f6r Medicinsk Teknik\" \/>\n<meta property=\"article:publisher\" content=\"https:\/\/www.facebook.com\/profile.php?id=100063481543287\" \/>\n<meta property=\"article:modified_time\" content=\"2026-04-22T14:23:25+00:00\" \/>\n<meta name=\"twitter:card\" content=\"summary_large_image\" \/>\n<meta name=\"twitter:label1\" content=\"Est. reading time\" \/>\n\t<meta name=\"twitter:data1\" content=\"2 minutes\" \/>\n<script type=\"application\/ld+json\" class=\"yoast-schema-graph\">{\"@context\":\"https:\\\/\\\/schema.org\",\"@graph\":[{\"@type\":\"WebPage\",\"@id\":\"https:\\\/\\\/www.mitsektionen.se\\\/namnder-2\\\/valnamnden\\\/aktuella-poster\\\/\",\"url\":\"https:\\\/\\\/www.mitsektionen.se\\\/namnder-2\\\/valnamnden\\\/aktuella-poster\\\/\",\"name\":\"Poster och kandidatur - Sektionen f\u00f6r Medicinsk Teknik\",\"isPartOf\":{\"@id\":\"https:\\\/\\\/www.mitsektionen.se\\\/#website\"},\"datePublished\":\"2019-05-25T12:51:38+00:00\",\"dateModified\":\"2026-04-22T14:23:25+00:00\",\"breadcrumb\":{\"@id\":\"https:\\\/\\\/www.mitsektionen.se\\\/namnder-2\\\/valnamnden\\\/aktuella-poster\\\/#breadcrumb\"},\"inLanguage\":\"en-US\",\"potentialAction\":[{\"@type\":\"ReadAction\",\"target\":[\"https:\\\/\\\/www.mitsektionen.se\\\/namnder-2\\\/valnamnden\\\/aktuella-poster\\\/\"]}]},{\"@type\":\"BreadcrumbList\",\"@id\":\"https:\\\/\\\/www.mitsektionen.se\\\/namnder-2\\\/valnamnden\\\/aktuella-poster\\\/#breadcrumb\",\"itemListElement\":[{\"@type\":\"ListItem\",\"position\":1,\"name\":\"Hem\",\"item\":\"https:\\\/\\\/www.mitsektionen.se\\\/\"},{\"@type\":\"ListItem\",\"position\":2,\"name\":\"V\u00e5ra n\u00e4mnder\",\"item\":\"https:\\\/\\\/www.mitsektionen.se\\\/?page_id=2759\"},{\"@type\":\"ListItem\",\"position\":3,\"name\":\"Valberedningen\",\"item\":\"https:\\\/\\\/www.mitsektionen.se\\\/namnder-2\\\/valnamnden\\\/\"},{\"@type\":\"ListItem\",\"position\":4,\"name\":\"Poster och kandidatur\"}]},{\"@type\":\"WebSite\",\"@id\":\"https:\\\/\\\/www.mitsektionen.se\\\/#website\",\"url\":\"https:\\\/\\\/www.mitsektionen.se\\\/\",\"name\":\"Sektionen f\u00f6r Medicinsk Teknik\",\"description\":\"MedTech vid KTH\",\"publisher\":{\"@id\":\"https:\\\/\\\/www.mitsektionen.se\\\/#organization\"},\"potentialAction\":[{\"@type\":\"SearchAction\",\"target\":{\"@type\":\"EntryPoint\",\"urlTemplate\":\"https:\\\/\\\/www.mitsektionen.se\\\/?s={search_term_string}\"},\"query-input\":{\"@type\":\"PropertyValueSpecification\",\"valueRequired\":true,\"valueName\":\"search_term_string\"}}],\"inLanguage\":\"en-US\"},{\"@type\":\"Organization\",\"@id\":\"https:\\\/\\\/www.mitsektionen.se\\\/#organization\",\"name\":\"Sektionen f\u00f6r Medicinsk Teknik\",\"url\":\"https:\\\/\\\/www.mitsektionen.se\\\/\",\"logo\":{\"@type\":\"ImageObject\",\"inLanguage\":\"en-US\",\"@id\":\"https:\\\/\\\/www.mitsektionen.se\\\/#\\\/schema\\\/logo\\\/image\\\/\",\"url\":\"https:\\\/\\\/www.mitsektionen.se\\\/wp-content\\\/uploads\\\/2018\\\/05\\\/cropped-loggamit.png\",\"contentUrl\":\"https:\\\/\\\/www.mitsektionen.se\\\/wp-content\\\/uploads\\\/2018\\\/05\\\/cropped-loggamit.png\",\"width\":2361,\"height\":2385,\"caption\":\"Sektionen f\u00f6r Medicinsk Teknik\"},\"image\":{\"@id\":\"https:\\\/\\\/www.mitsektionen.se\\\/#\\\/schema\\\/logo\\\/image\\\/\"},\"sameAs\":[\"https:\\\/\\\/www.facebook.com\\\/profile.php?id=100063481543287\",\"https:\\\/\\\/www.instagram.com\\\/mitsektionen\\\/\",\"https:\\\/\\\/ca.linkedin.com\\\/company\\\/sektionen-fr-medicinsk-teknik\"]}]}<\/script>\n<!-- \/ Yoast SEO plugin. -->","yoast_head_json":{"title":"Poster och kandidatur - Sektionen f\u00f6r Medicinsk Teknik","robots":{"index":"index","follow":"follow","max-snippet":"max-snippet:-1","max-image-preview":"max-image-preview:large","max-video-preview":"max-video-preview:-1"},"canonical":"https:\/\/www.mitsektionen.se\/en\/namnder-2\/valnamnden\/aktuella-poster\/","og_locale":"en_US","og_type":"article","og_title":"Poster och kandidatur - Sektionen f\u00f6r Medicinsk Teknik","og_description":"Aktuella poster V\u00e4ljs: 18:e majS\u00f6k senast: 30:e april \u00a0\u00a0 \u00a0\u00a0 Poster \u00a0 \u00a0 Defibrillator MULLE MECK Ordf\u00f6rande f\u00f6r N\u00e4ringslivsgruppen Revisor \u00a0 \u00a0 \u00a0 \u00a0 \u00a0 \u00a0 \u00a0 \u00a0","og_url":"https:\/\/www.mitsektionen.se\/en\/namnder-2\/valnamnden\/aktuella-poster\/","og_site_name":"Sektionen f\u00f6r Medicinsk Teknik","article_publisher":"https:\/\/www.facebook.com\/profile.php?id=100063481543287","article_modified_time":"2026-04-22T14:23:25+00:00","twitter_card":"summary_large_image","twitter_misc":{"Est. reading time":"2 minutes"},"schema":{"@context":"https:\/\/schema.org","@graph":[{"@type":"WebPage","@id":"https:\/\/www.mitsektionen.se\/namnder-2\/valnamnden\/aktuella-poster\/","url":"https:\/\/www.mitsektionen.se\/namnder-2\/valnamnden\/aktuella-poster\/","name":"Poster och kandidatur - Sektionen f\u00f6r Medicinsk Teknik","isPartOf":{"@id":"https:\/\/www.mitsektionen.se\/#website"},"datePublished":"2019-05-25T12:51:38+00:00","dateModified":"2026-04-22T14:23:25+00:00","breadcrumb":{"@id":"https:\/\/www.mitsektionen.se\/namnder-2\/valnamnden\/aktuella-poster\/#breadcrumb"},"inLanguage":"en-US","potentialAction":[{"@type":"ReadAction","target":["https:\/\/www.mitsektionen.se\/namnder-2\/valnamnden\/aktuella-poster\/"]}]},{"@type":"BreadcrumbList","@id":"https:\/\/www.mitsektionen.se\/namnder-2\/valnamnden\/aktuella-poster\/#breadcrumb","itemListElement":[{"@type":"ListItem","position":1,"name":"Hem","item":"https:\/\/www.mitsektionen.se\/"},{"@type":"ListItem","position":2,"name":"V\u00e5ra n\u00e4mnder","item":"https:\/\/www.mitsektionen.se\/?page_id=2759"},{"@type":"ListItem","position":3,"name":"Valberedningen","item":"https:\/\/www.mitsektionen.se\/namnder-2\/valnamnden\/"},{"@type":"ListItem","position":4,"name":"Poster och kandidatur"}]},{"@type":"WebSite","@id":"https:\/\/www.mitsektionen.se\/#website","url":"https:\/\/www.mitsektionen.se\/","name":"The Chapter of Medical Engineering","description":"MedTech vid KTH","publisher":{"@id":"https:\/\/www.mitsektionen.se\/#organization"},"potentialAction":[{"@type":"SearchAction","target":{"@type":"EntryPoint","urlTemplate":"https:\/\/www.mitsektionen.se\/?s={search_term_string}"},"query-input":{"@type":"PropertyValueSpecification","valueRequired":true,"valueName":"search_term_string"}}],"inLanguage":"en-US"},{"@type":"Organization","@id":"https:\/\/www.mitsektionen.se\/#organization","name":"The Chapter of Medical Engineering","url":"https:\/\/www.mitsektionen.se\/","logo":{"@type":"ImageObject","inLanguage":"en-US","@id":"https:\/\/www.mitsektionen.se\/#\/schema\/logo\/image\/","url":"https:\/\/www.mitsektionen.se\/wp-content\/uploads\/2018\/05\/cropped-loggamit.png","contentUrl":"https:\/\/www.mitsektionen.se\/wp-content\/uploads\/2018\/05\/cropped-loggamit.png","width":2361,"height":2385,"caption":"Sektionen f\u00f6r Medicinsk Teknik"},"image":{"@id":"https:\/\/www.mitsektionen.se\/#\/schema\/logo\/image\/"},"sameAs":["https:\/\/www.facebook.com\/profile.php?id=100063481543287","https:\/\/www.instagram.com\/mitsektionen\/","https:\/\/ca.linkedin.com\/company\/sektionen-fr-medicinsk-teknik"]}]}},"_links":{"self":[{"href":"https:\/\/www.mitsektionen.se\/en\/wp-json\/wp\/v2\/pages\/4691","targetHints":{"allow":["GET"]}}],"collection":[{"href":"https:\/\/www.mitsektionen.se\/en\/wp-json\/wp\/v2\/pages"}],"about":[{"href":"https:\/\/www.mitsektionen.se\/en\/wp-json\/wp\/v2\/types\/page"}],"author":[{"embeddable":true,"href":"https:\/\/www.mitsektionen.se\/en\/wp-json\/wp\/v2\/users\/17"}],"replies":[{"embeddable":true,"href":"https:\/\/www.mitsektionen.se\/en\/wp-json\/wp\/v2\/comments?post=4691"}],"version-history":[{"count":31,"href":"https:\/\/www.mitsektionen.se\/en\/wp-json\/wp\/v2\/pages\/4691\/revisions"}],"predecessor-version":[{"id":14649,"href":"https:\/\/www.mitsektionen.se\/en\/wp-json\/wp\/v2\/pages\/4691\/revisions\/14649"}],"up":[{"embeddable":true,"href":"https:\/\/www.mitsektionen.se\/en\/wp-json\/wp\/v2\/pages\/128"}],"wp:attachment":[{"href":"https:\/\/www.mitsektionen.se\/en\/wp-json\/wp\/v2\/media?parent=4691"}],"curies":[{"name":"wp","href":"https:\/\/api.w.org\/{rel}","templated":true}]}}